{"id":651,"date":"2026-04-18T23:51:52","date_gmt":"2026-04-18T21:51:52","guid":{"rendered":"https:\/\/lapeuterne.fr\/?page_id=651"},"modified":"2026-04-19T00:30:56","modified_gmt":"2026-04-18T22:30:56","slug":"accueil-velo","status":"publish","type":"page","link":"https:\/\/lapeuterne.fr\/en\/accueil-velo\/","title":{"rendered":"Bike Welcome"},"content":{"rendered":"<div class=\"wpb-content-wrapper\"><div class=\"vc_row wpb_row section vc_row-fluid  grid_section\" style=' text-align:center;'><div class=\"section_inner clearfix\"><div class='section_inner_margin clearfix'><div class=\"wpb_column vc_column_container vc_col-sm-12 vc_col-lg-offset-2 vc_col-lg-8\"><div class=\"vc_column-inner vc_custom_1516710684527\"><div class=\"wpb_wrapper\"><div class='q_elements_holder one_column responsive_mode_from_768' ><div class='q_elements_item' data-1280-1440='42px 66px 59px 66px' data-600-768='42px 20px 42px 20px' data-480-600='42px 20px 42px 20px' data-480='42px 20px 42px 20px' data-animation='no' data-item-class='q_elements_holder_custom_166707' style='background-color:#ffffff;'><div class='q_elements_item_inner'><div class='q_elements_item_content q_elements_holder_custom_166707' style='padding:42px 88px 59px 88px'>\n\t<div class=\"wpb_text_column wpb_content_element\">\n\t\t<div class=\"wpb_wrapper\">\n\t\t\t<h1>La Peuterne,<br \/>\nAccueil V\u00e9lo certified<\/h1>\n\n\t\t<\/div>\n\t<\/div>\n\t<div class=\"wpb_text_column wpb_content_element\">\n\t\t<div class=\"wpb_wrapper\">\n\t\t\t<p><span style=\"font-size: 18px;\">On two wheels, you\u2019re at home!<br \/>\n<\/span><\/p>\n\n\t\t<\/div>\n\t<\/div><\/div><\/div><\/div><\/div><\/div><\/div><\/div><\/div><\/div><\/div><section      data-speed=\"1\" class=\"parallax_section_holder\" style = \" height:px; background-image:url('');\"><div class=\"parallax_content left\"><div class='parallax_section_inner_margin clearfix'><div class=\"wpb_column vc_column_container vc_col-sm-12 vc_col-lg-offset-1 vc_col-lg-10\"><div class=\"vc_column-inner\"><div class=\"wpb_wrapper\"><div class='q_elements_holder one_column responsive_mode_from_768' ><div class='q_elements_item' data-1280-1440='83px 20px 0 0' data-1024-1280='83px 20px 0 0' data-768-1024='83px 20px 0 0' data-600-768='20px 0 0 0' data-480-600='20px 0 0 0' data-480='20px 0 0 0' data-animation='no' data-item-class='q_elements_holder_custom_263110' style='vertical-align:top;'><div class='q_elements_item_inner'><div class='q_elements_item_content q_elements_holder_custom_263110' style='padding:83px 20px 0 0'>\n\t<div class=\"wpb_text_column wpb_content_element\">\n\t\t<div class=\"wpb_wrapper\">\n\t\t\t<p>Cycle tourists, La Peuterne offers you a warm welcome! As an Accueil V\u00e9lo certified B&amp;B, we are set up to let you arrive, unwind and set off again with peace of mind, on two wheels.<\/p>\n\n\t\t<\/div>\n\t<\/div><div class=\"vc_empty_space\"  style=\"height: 32px\" >\n\t<span class=\"vc_empty_space_inner\">\n\t\t<span class=\"empty_space_image\"  ><\/span>\n\t<\/span>\n<\/div><\/div><\/div><\/div><\/div><div class='q_elements_holder two_columns responsive_mode_from_768' ><div class='q_elements_item' data-1280-1440='0 20px 0 0' data-1024-1280='0 20px 0 0' data-768-1024='0 20px 0 0' data-600-768='0 0 0 0' data-480-600='0 0 0 0' data-480='0 0 0 0' data-animation='no' data-item-class='q_elements_holder_custom_362675' style='vertical-align:top;'><div class='q_elements_item_inner'><div class='q_elements_item_content q_elements_holder_custom_362675' style='padding:0 20px 0 0'>\n\t<div class=\"wpb_text_column wpb_content_element\">\n\t\t<div class=\"wpb_wrapper\">\n\t\t\t<h2>What we provide<\/h2>\n<ul>\n<li>A locked, secure room to park your bikes safely.<\/li>\n<li>Tools for carrying out minor repairs yourself.<\/li>\n<li>A charging point for your electric bikes.<\/li>\n<li>The possibility to wash your bike after a great day on the trails.<\/li>\n<li>Space to leave your car with us during your cycling circuit.<\/li>\n<li>Suggested routes starting from the B&amp;B.<\/li>\n<\/ul>\n\n\t\t<\/div>\n\t<\/div><div class=\"vc_empty_space\"  style=\"height: 32px\" >\n\t<span class=\"vc_empty_space_inner\">\n\t\t<span class=\"empty_space_image\"  ><\/span>\n\t<\/span>\n<\/div><\/div><\/div><\/div><div class='q_elements_item' data-1280-1440='0 0 50px 0' data-1024-1280='0 0 50px 0' data-768-1024='0 0 50px 0' data-600-768='0 0 20px 0' data-480-600='0 0 20px 0' data-480='0 0 20px 0' data-animation='no' data-item-class='q_elements_holder_custom_645839'><div class='q_elements_item_inner'><div class='q_elements_item_content q_elements_holder_custom_645839' style='padding:0 0 50px 0'>\n\t<div class=\"wpb_text_column wpb_content_element\">\n\t\t<div class=\"wpb_wrapper\">\n\t\t\t<h2>Practical services for cyclists<\/h2>\n<p>Need to wash and dry your laundry after a well-earned stage? That\u2019s possible, for a small contribution of \u20ac5.<\/p>\n<p>Want to take a meal on the road? Our picnic basket (\u20ac12 per person) is just the thing: sandwich, hard-boiled egg, fruit or compote. To be reserved in advance.<\/p>\n<p>For early-rising hikers, breakfast can be served from 7 am.<\/p>\n\n\t\t<\/div>\n\t<\/div><\/div><\/div><\/div><\/div>\n\t<div class=\"wpb_text_column wpb_content_element\">\n\t\t<div class=\"wpb_wrapper\">\n\t\t\t<h3>Cyclists\u2019 table d\u2019h\u00f4tes<\/h3>\n<p>After a long day in the saddle, nothing beats a good meal. Our cyclists\u2019 menu (starter, main, dessert) is offered at \u20ac31 per person, served from 8 pm. Half price for children under 6.<br \/>\n<em>Reservation required at least 48 hours in advance.<\/em><\/p>\n\n\t\t<\/div>\n\t<\/div><div class=\"vc_empty_space\"  style=\"height: 30px\" >\n\t<span class=\"vc_empty_space_inner\">\n\t\t<span class=\"empty_space_image\"  ><\/span>\n\t<\/span>\n<\/div><\/div><\/div><\/div><\/div><\/div><\/section><div      class=\"vc_row wpb_row section vc_row-fluid  vc_custom_1776386249593 grid_section\" style='background-color:#FFFDF7; text-align:left;'><svg class=\"angled-section svg-top\" preserveaspectratio=\"none\" viewbox=\"0 0 86 86\" width=\"100%\" height=\"86\"><polygon points=\"0,86 86,0 86,86\" style=\"fill:#FFFDF7;\" \/><\/svg><div class=\"section_inner clearfix\"><div class='section_inner_margin clearfix'><div class=\"wpb_column vc_column_container vc_col-sm-12 vc_col-lg-offset-1 vc_col-lg-10\"><div class=\"vc_column-inner\"><div class=\"wpb_wrapper\"><div class='q_elements_holder two_columns responsive_mode_from_768' ><div class='q_elements_item' data-1280-1440='30px 0 0 0' data-1024-1280='30px 0 0 0' data-768-1024='30px 0 0 0' data-600-768='30px 0 0 0' data-480-600='30px 0 0 0' data-480='30px 0 0 0' data-animation='no' data-item-class='q_elements_holder_custom_555867' style='vertical-align:top;'><div class='q_elements_item_inner'><div class='q_elements_item_content q_elements_holder_custom_555867' style='padding:30px 0 0 0'><div class=\"wpb_gmaps_widget wpb_content_element vc_map_responsive\"><div class=\"wpb_wrapper\"><div class=\"wpb_map_wraper\"><iframe loading=\"lazy\" src=\"https:\/\/maps.google.com\/maps?q=Mouaz%C3%A9%2C%20France&#038;t=m&#038;z=10&#038;output=embed&#038;iwloc=near\" title=\"Mouaz\u00e9, France\" aria-label=\"Mouaz\u00e9, France\" ><\/iframe><\/div><\/div><\/div><div class=\"vc_empty_space\"  style=\"height: 32px\" >\n\t<span class=\"vc_empty_space_inner\">\n\t\t<span class=\"empty_space_image\"  ><\/span>\n\t<\/span>\n<\/div><\/div><\/div><\/div><div class='q_elements_item' data-1280-1440='30px 0 0 40px' data-1024-1280='30px 0 0 40px' data-768-1024='30px 0 0 40px' data-600-768='30px 0 0 0' data-480-600='30px 0 0 0' data-480='30px 0 0 0' data-animation='no' data-item-class='q_elements_holder_custom_937016' style='vertical-align:top;'><div class='q_elements_item_inner'><div class='q_elements_item_content q_elements_holder_custom_937016' style='padding:30px 0 0 40px'>\n\t<div class=\"wpb_text_column wpb_content_element\">\n\t\t<div class=\"wpb_wrapper\">\n\t\t\t<h2>Coming by bike from Rennes<\/h2>\n<p>La Peuterne is easily accessible from Rennes station via routes that are largely cycle-friendly (74%). Find the recommended itinerary below:<\/p>\n\n\t\t<\/div>\n\t<\/div><div class=\"vc_empty_space\"  style=\"height: 32px\" >\n\t<span class=\"vc_empty_space_inner\">\n\t\t<span class=\"empty_space_image\"  ><\/span>\n\t<\/span>\n<\/div>\n\n\t<a href=\"https:\/\/geovelo.app\/fr\/route\/?bike-type=own&#038;c=-1.639077%2C48.164854&#038;e-bike=false&#038;from=-1.672867%2C48.102532&#038;to=-1.610200%2C48.230727&#038;z=10.80\" target=\"_blank\" style=\"color: #FFFFFF;background-color: #0D4F54;font-weight: 600;text-transform: uppercase\" class=\"qode-btn qode-btn-medium qode-btn-solid qode-btn-custom-hover-bg qode-btn-custom-hover-color qode-btn-default-hover\" data-hover-bg-color=\"#BCD892\" data-hover-color=\"#0D4F54\" >\n\t    <span class=\"qode-btn-text\">View the route on Geovelo<\/span>\t<\/a>\n\n<div class=\"vc_empty_space\"  style=\"height: 32px\" >\n\t<span class=\"vc_empty_space_inner\">\n\t\t<span class=\"empty_space_image\"  ><\/span>\n\t<\/span>\n<\/div>\n\n\t<a href=\"https:\/\/www.star.fr\/reseau-star\/velo\/maison-du-velo\" target=\"_blank\" style=\"color: #FFFFFF;background-color: #0D4F54;font-weight: 600;text-transform: uppercase\" class=\"qode-btn qode-btn-medium qode-btn-solid qode-btn-custom-hover-bg qode-btn-custom-hover-color qode-btn-default-hover\" data-hover-bg-color=\"#BCD892\" data-hover-color=\"#0D4F54\" >\n\t    <span class=\"qode-btn-text\">Hire a bike at the Maison du V\u00e9lo \u2014 Rennes station (STAR)<\/span>\t<\/a>\n\n<div class=\"vc_empty_space\"  style=\"height: 32px\" >\n\t<span class=\"vc_empty_space_inner\">\n\t\t<span class=\"empty_space_image\"  ><\/span>\n\t<\/span>\n<\/div><\/div><\/div><\/div><\/div><\/div><\/div><\/div><\/div><\/div><svg class=\"angled-section svg-bottom\" preserveaspectratio=\"none\" viewbox=\"0 0 86 86\" width=\"100%\" height=\"86\"><polygon points=\"0,0 0,86 86,0\" style=\"fill:#FFFDF7;\" \/><\/svg><\/div>\n<\/div>","protected":false},"excerpt":{"rendered":"La Peuterne, labellis\u00e9e Accueil V\u00e9lo \u00c0 v\u00e9lo, vous \u00eates chez vous ! Cyclotouristes, La Peuterne vous r\u00e9serve un accueil aux petits soins ! Labellis\u00e9e Accueil V\u00e9lo, notre chambre d'h\u00f4tes est pens\u00e9e pour vous permettre d'arriver, de souffler et de repartir sereinement, \u00e0 deux roues. Ce...","protected":false},"author":1,"featured_media":660,"parent":0,"menu_order":35,"comment_status":"closed","ping_status":"closed","template":"full_width.php","meta":{"inline_featured_image":false,"footnotes":""},"class_list":["post-651","page","type-page","status-publish","has-post-thumbnail","hentry"],"yoast_head":"<!-- This site is optimized with the Yoast SEO plugin v27.5 - https:\/\/yoast.com\/product\/yoast-seo-wordpress\/ -->\n<title>Accueil V\u00e9lo | Chambre d&#039;h\u00f4tes \u00e9cologique La Peuterne - Mouaz\u00e9<\/title>\n<meta name=\"description\" content=\"La Peuterne est labellis\u00e9e Accueil V\u00e9lo en Bretagne. Local s\u00e9curis\u00e9, outils de r\u00e9paration, recharge e-bike et circuits au d\u00e9part de Rennes.\" \/>\n<meta name=\"robots\" content=\"index, follow, max-snippet:-1, max-image-preview:large, max-video-preview:-1\" \/>\n<link rel=\"canonical\" href=\"https:\/\/lapeuterne.fr\/en\/accueil-velo\/\" \/>\n<meta property=\"og:locale\" content=\"en_GB\" \/>\n<meta property=\"og:type\" content=\"article\" \/>\n<meta property=\"og:title\" content=\"Accueil V\u00e9lo | Chambre d&#039;h\u00f4tes \u00e9cologique La Peuterne - Mouaz\u00e9\" \/>\n<meta property=\"og:description\" content=\"La Peuterne est labellis\u00e9e Accueil V\u00e9lo en Bretagne. Local s\u00e9curis\u00e9, outils de r\u00e9paration, recharge e-bike et circuits au d\u00e9part de Rennes.\" \/>\n<meta property=\"og:url\" content=\"https:\/\/lapeuterne.fr\/en\/accueil-velo\/\" \/>\n<meta property=\"og:site_name\" content=\"La Peuterne - Chambre d&#039;h\u00f4te\" \/>\n<meta property=\"article:publisher\" content=\"https:\/\/www.facebook.com\/profile.php?id=100083455444141\" \/>\n<meta property=\"article:modified_time\" content=\"2026-04-18T22:30:56+00:00\" \/>\n<meta property=\"og:image\" content=\"https:\/\/lapeuterne.fr\/wp-content\/uploads\/2026\/04\/cyclotourisme-1.jpg\" \/>\n\t<meta property=\"og:image:width\" content=\"1920\" \/>\n\t<meta property=\"og:image:height\" content=\"1280\" \/>\n\t<meta property=\"og:image:type\" content=\"image\/jpeg\" \/>\n<meta name=\"twitter:card\" content=\"summary_large_image\" \/>\n<meta name=\"twitter:label1\" content=\"Estimated reading time\" \/>\n\t<meta name=\"twitter:data1\" content=\"4 minutes\" \/>\n<script type=\"application\/ld+json\" class=\"yoast-schema-graph\">{\"@context\":\"https:\\\/\\\/schema.org\",\"@graph\":[{\"@type\":\"WebPage\",\"@id\":\"https:\\\/\\\/lapeuterne.fr\\\/accueil-velo\\\/\",\"url\":\"https:\\\/\\\/lapeuterne.fr\\\/accueil-velo\\\/\",\"name\":\"Accueil V\u00e9lo | Chambre d'h\u00f4tes \u00e9cologique La Peuterne - Mouaz\u00e9\",\"isPartOf\":{\"@id\":\"https:\\\/\\\/lapeuterne.fr\\\/#website\"},\"primaryImageOfPage\":{\"@id\":\"https:\\\/\\\/lapeuterne.fr\\\/accueil-velo\\\/#primaryimage\"},\"image\":{\"@id\":\"https:\\\/\\\/lapeuterne.fr\\\/accueil-velo\\\/#primaryimage\"},\"thumbnailUrl\":\"https:\\\/\\\/lapeuterne.fr\\\/wp-content\\\/uploads\\\/2026\\\/04\\\/cyclotourisme-1.jpg\",\"datePublished\":\"2026-04-18T21:51:52+00:00\",\"dateModified\":\"2026-04-18T22:30:56+00:00\",\"description\":\"La Peuterne est labellis\u00e9e Accueil V\u00e9lo en Bretagne. Local s\u00e9curis\u00e9, outils de r\u00e9paration, recharge e-bike et circuits au d\u00e9part de Rennes.\",\"breadcrumb\":{\"@id\":\"https:\\\/\\\/lapeuterne.fr\\\/accueil-velo\\\/#breadcrumb\"},\"inLanguage\":\"en-GB\",\"potentialAction\":[{\"@type\":\"ReadAction\",\"target\":[\"https:\\\/\\\/lapeuterne.fr\\\/accueil-velo\\\/\"]}]},{\"@type\":\"ImageObject\",\"inLanguage\":\"en-GB\",\"@id\":\"https:\\\/\\\/lapeuterne.fr\\\/accueil-velo\\\/#primaryimage\",\"url\":\"https:\\\/\\\/lapeuterne.fr\\\/wp-content\\\/uploads\\\/2026\\\/04\\\/cyclotourisme-1.jpg\",\"contentUrl\":\"https:\\\/\\\/lapeuterne.fr\\\/wp-content\\\/uploads\\\/2026\\\/04\\\/cyclotourisme-1.jpg\",\"width\":1920,\"height\":1280},{\"@type\":\"BreadcrumbList\",\"@id\":\"https:\\\/\\\/lapeuterne.fr\\\/accueil-velo\\\/#breadcrumb\",\"itemListElement\":[{\"@type\":\"ListItem\",\"position\":1,\"name\":\"Accueil\",\"item\":\"https:\\\/\\\/lapeuterne.fr\\\/\"},{\"@type\":\"ListItem\",\"position\":2,\"name\":\"Accueil V\u00e9lo\"}]},{\"@type\":\"WebSite\",\"@id\":\"https:\\\/\\\/lapeuterne.fr\\\/#website\",\"url\":\"https:\\\/\\\/lapeuterne.fr\\\/\",\"name\":\"La Peuterne - Chambre d'h\u00f4te\",\"description\":\"\",\"publisher\":{\"@id\":\"https:\\\/\\\/lapeuterne.fr\\\/#organization\"},\"potentialAction\":[{\"@type\":\"SearchAction\",\"target\":{\"@type\":\"EntryPoint\",\"urlTemplate\":\"https:\\\/\\\/lapeuterne.fr\\\/?s={search_term_string}\"},\"query-input\":{\"@type\":\"PropertyValueSpecification\",\"valueRequired\":true,\"valueName\":\"search_term_string\"}}],\"inLanguage\":\"en-GB\"},{\"@type\":\"Organization\",\"@id\":\"https:\\\/\\\/lapeuterne.fr\\\/#organization\",\"name\":\"La Peuterne - Chambre d'h\u00f4te\",\"url\":\"https:\\\/\\\/lapeuterne.fr\\\/\",\"logo\":{\"@type\":\"ImageObject\",\"inLanguage\":\"en-GB\",\"@id\":\"https:\\\/\\\/lapeuterne.fr\\\/#\\\/schema\\\/logo\\\/image\\\/\",\"url\":\"https:\\\/\\\/lapeuterne.fr\\\/wp-content\\\/uploads\\\/2026\\\/04\\\/la-peuterne-vert-fonce.svg\",\"contentUrl\":\"https:\\\/\\\/lapeuterne.fr\\\/wp-content\\\/uploads\\\/2026\\\/04\\\/la-peuterne-vert-fonce.svg\",\"width\":180,\"height\":80,\"caption\":\"La Peuterne - Chambre d'h\u00f4te\"},\"image\":{\"@id\":\"https:\\\/\\\/lapeuterne.fr\\\/#\\\/schema\\\/logo\\\/image\\\/\"},\"sameAs\":[\"https:\\\/\\\/www.facebook.com\\\/profile.php?id=100083455444141\",\"https:\\\/\\\/www.instagram.com\\\/lapeuterne35\\\/\"]}]}<\/script>\n<!-- \/ Yoast SEO plugin. -->","yoast_head_json":{"title":"Accueil V\u00e9lo | Chambre d'h\u00f4tes \u00e9cologique La Peuterne - Mouaz\u00e9","description":"La Peuterne est labellis\u00e9e Accueil V\u00e9lo en Bretagne. Local s\u00e9curis\u00e9, outils de r\u00e9paration, recharge e-bike et circuits au d\u00e9part de Rennes.","robots":{"index":"index","follow":"follow","max-snippet":"max-snippet:-1","max-image-preview":"max-image-preview:large","max-video-preview":"max-video-preview:-1"},"canonical":"https:\/\/lapeuterne.fr\/en\/accueil-velo\/","og_locale":"en_GB","og_type":"article","og_title":"Accueil V\u00e9lo | Chambre d'h\u00f4tes \u00e9cologique La Peuterne - Mouaz\u00e9","og_description":"La Peuterne est labellis\u00e9e Accueil V\u00e9lo en Bretagne. Local s\u00e9curis\u00e9, outils de r\u00e9paration, recharge e-bike et circuits au d\u00e9part de Rennes.","og_url":"https:\/\/lapeuterne.fr\/en\/accueil-velo\/","og_site_name":"La Peuterne - Chambre d&#039;h\u00f4te","article_publisher":"https:\/\/www.facebook.com\/profile.php?id=100083455444141","article_modified_time":"2026-04-18T22:30:56+00:00","og_image":[{"width":1920,"height":1280,"url":"https:\/\/lapeuterne.fr\/wp-content\/uploads\/2026\/04\/cyclotourisme-1.jpg","type":"image\/jpeg"}],"twitter_card":"summary_large_image","twitter_misc":{"Estimated reading time":"4 minutes"},"schema":{"@context":"https:\/\/schema.org","@graph":[{"@type":"WebPage","@id":"https:\/\/lapeuterne.fr\/accueil-velo\/","url":"https:\/\/lapeuterne.fr\/accueil-velo\/","name":"Accueil V\u00e9lo | Chambre d'h\u00f4tes \u00e9cologique La Peuterne - Mouaz\u00e9","isPartOf":{"@id":"https:\/\/lapeuterne.fr\/#website"},"primaryImageOfPage":{"@id":"https:\/\/lapeuterne.fr\/accueil-velo\/#primaryimage"},"image":{"@id":"https:\/\/lapeuterne.fr\/accueil-velo\/#primaryimage"},"thumbnailUrl":"https:\/\/lapeuterne.fr\/wp-content\/uploads\/2026\/04\/cyclotourisme-1.jpg","datePublished":"2026-04-18T21:51:52+00:00","dateModified":"2026-04-18T22:30:56+00:00","description":"La Peuterne est labellis\u00e9e Accueil V\u00e9lo en Bretagne. Local s\u00e9curis\u00e9, outils de r\u00e9paration, recharge e-bike et circuits au d\u00e9part de Rennes.","breadcrumb":{"@id":"https:\/\/lapeuterne.fr\/accueil-velo\/#breadcrumb"},"inLanguage":"en-GB","potentialAction":[{"@type":"ReadAction","target":["https:\/\/lapeuterne.fr\/accueil-velo\/"]}]},{"@type":"ImageObject","inLanguage":"en-GB","@id":"https:\/\/lapeuterne.fr\/accueil-velo\/#primaryimage","url":"https:\/\/lapeuterne.fr\/wp-content\/uploads\/2026\/04\/cyclotourisme-1.jpg","contentUrl":"https:\/\/lapeuterne.fr\/wp-content\/uploads\/2026\/04\/cyclotourisme-1.jpg","width":1920,"height":1280},{"@type":"BreadcrumbList","@id":"https:\/\/lapeuterne.fr\/accueil-velo\/#breadcrumb","itemListElement":[{"@type":"ListItem","position":1,"name":"Accueil","item":"https:\/\/lapeuterne.fr\/"},{"@type":"ListItem","position":2,"name":"Accueil V\u00e9lo"}]},{"@type":"WebSite","@id":"https:\/\/lapeuterne.fr\/#website","url":"https:\/\/lapeuterne.fr\/","name":"La Peuterne - Chambre d'h\u00f4te","description":"","publisher":{"@id":"https:\/\/lapeuterne.fr\/#organization"},"potentialAction":[{"@type":"SearchAction","target":{"@type":"EntryPoint","urlTemplate":"https:\/\/lapeuterne.fr\/?s={search_term_string}"},"query-input":{"@type":"PropertyValueSpecification","valueRequired":true,"valueName":"search_term_string"}}],"inLanguage":"en-GB"},{"@type":"Organization","@id":"https:\/\/lapeuterne.fr\/#organization","name":"La Peuterne - Chambre d'h\u00f4te","url":"https:\/\/lapeuterne.fr\/","logo":{"@type":"ImageObject","inLanguage":"en-GB","@id":"https:\/\/lapeuterne.fr\/#\/schema\/logo\/image\/","url":"https:\/\/lapeuterne.fr\/wp-content\/uploads\/2026\/04\/la-peuterne-vert-fonce.svg","contentUrl":"https:\/\/lapeuterne.fr\/wp-content\/uploads\/2026\/04\/la-peuterne-vert-fonce.svg","width":180,"height":80,"caption":"La Peuterne - Chambre d'h\u00f4te"},"image":{"@id":"https:\/\/lapeuterne.fr\/#\/schema\/logo\/image\/"},"sameAs":["https:\/\/www.facebook.com\/profile.php?id=100083455444141","https:\/\/www.instagram.com\/lapeuterne35\/"]}]}},"_links":{"self":[{"href":"https:\/\/lapeuterne.fr\/en\/wp-json\/wp\/v2\/pages\/651","targetHints":{"allow":["GET"]}}],"collection":[{"href":"https:\/\/lapeuterne.fr\/en\/wp-json\/wp\/v2\/pages"}],"about":[{"href":"https:\/\/lapeuterne.fr\/en\/wp-json\/wp\/v2\/types\/page"}],"author":[{"embeddable":true,"href":"https:\/\/lapeuterne.fr\/en\/wp-json\/wp\/v2\/users\/1"}],"replies":[{"embeddable":true,"href":"https:\/\/lapeuterne.fr\/en\/wp-json\/wp\/v2\/comments?post=651"}],"version-history":[{"count":15,"href":"https:\/\/lapeuterne.fr\/en\/wp-json\/wp\/v2\/pages\/651\/revisions"}],"predecessor-version":[{"id":673,"href":"https:\/\/lapeuterne.fr\/en\/wp-json\/wp\/v2\/pages\/651\/revisions\/673"}],"wp:featuredmedia":[{"embeddable":true,"href":"https:\/\/lapeuterne.fr\/en\/wp-json\/wp\/v2\/media\/660"}],"wp:attachment":[{"href":"https:\/\/lapeuterne.fr\/en\/wp-json\/wp\/v2\/media?parent=651"}],"curies":[{"name":"wp","href":"https:\/\/api.w.org\/{rel}","templated":true}]}}