{"id":592,"date":"2026-04-18T21:38:08","date_gmt":"2026-04-18T19:38:08","guid":{"rendered":"https:\/\/lapeuterne.fr\/?page_id=592"},"modified":"2026-05-01T00:07:32","modified_gmt":"2026-04-30T22:07:32","slug":"les-tarifs","status":"publish","type":"page","link":"https:\/\/lapeuterne.fr\/en\/les-tarifs\/","title":{"rendered":"The prices"},"content":{"rendered":"<div class=\"wpb-content-wrapper\"><div class=\"vc_row wpb_row section vc_row-fluid  grid_section\" style=' text-align:center;'><div class=\"section_inner clearfix\"><div class='section_inner_margin clearfix'><div class=\"wpb_column vc_column_container vc_col-sm-12 vc_col-lg-offset-2 vc_col-lg-8\"><div class=\"vc_column-inner vc_custom_1516710684527\"><div class=\"wpb_wrapper\"><div class='q_elements_holder one_column responsive_mode_from_768' ><div class='q_elements_item' data-1280-1440='42px 66px 59px 66px' data-600-768='42px 20px 42px 20px' data-480-600='42px 20px 42px 20px' data-480='42px 20px 42px 20px' data-animation='no' data-item-class='q_elements_holder_custom_844786' style='background-color:#ffffff;'><div class='q_elements_item_inner'><div class='q_elements_item_content q_elements_holder_custom_844786' style='padding:42px 88px 59px 88px'>\n\t<div class=\"wpb_text_column wpb_content_element\">\n\t\t<div class=\"wpb_wrapper\">\n\t\t\t<h1>The prices<\/h1>\n\n\t\t<\/div>\n\t<\/div>\n\t<div class=\"wpb_text_column wpb_content_element\">\n\t\t<div class=\"wpb_wrapper\">\n\t\t\t<p><span style=\"font-size: 18px;\">Breakfast and tourist tax included<\/span><\/p>\n\n\t\t<\/div>\n\t<\/div><\/div><\/div><\/div><\/div><\/div><\/div><\/div><\/div><\/div><\/div><div      class=\"vc_row wpb_row section vc_row-fluid\" style=' text-align:left;'><div class=\"full_section_inner clearfix\"><div class=\"wpb_column vc_column_container vc_col-sm-12\"><div class=\"vc_column-inner\"><div class=\"wpb_wrapper\"><div      class=\"vc_row wpb_row section vc_row-fluid vc_inner  grid_section\" style=' text-align:left;'><div class=\"section_inner clearfix\"><div class='section_inner_margin clearfix'><div class=\"wpb_column vc_column_container vc_col-sm-12\"><div class=\"vc_column-inner\"><div class=\"wpb_wrapper\"><div class=\"vc_empty_space\"  style=\"height: 32px\" >\n\t<span class=\"vc_empty_space_inner\">\n\t\t<span class=\"empty_space_image\"  ><\/span>\n\t<\/span>\n<\/div>\n\t<div class=\"wpb_text_column wpb_content_element\">\n\t\t<div class=\"wpb_wrapper\">\n\t\t\t<p>All our rates include breakfast and the tourist tax. No nasty surprises at the end of your stay!<\/p>\n<p><em>Tourist tax in effect from 1 January 2026: \u20ac0.33 \/ adult \/ night (for guests not residing in the Val d\u2019Ille-Aubign\u00e9 community of communes).<\/em><\/p>\n\n\t\t<\/div>\n\t<\/div><div class=\"vc_empty_space\"  style=\"height: 52px\" >\n\t<span class=\"vc_empty_space_inner\">\n\t\t<span class=\"empty_space_image\"  ><\/span>\n\t<\/span>\n<\/div><\/div><\/div><\/div><\/div><\/div><\/div><div      class=\"vc_row wpb_row section vc_row-fluid vc_inner  grid_section\" style=' text-align:left;'><div class=\"section_inner clearfix\"><div class='section_inner_margin clearfix'><div class=\"wpb_column vc_column_container vc_col-sm-4\"><div class=\"vc_column-inner\"><div class=\"wpb_wrapper\"><div class='service_table_holder'><ul class='service_table_inner'><li class='service_table_title_holder background_color_type' style='background-color: #FFFFFF;'><div class='service_table_title_inner'><div class='service_table_title_inner2'><h3 class='service_title' style='color: #0D4F54;'>Low season<\/h3><i class=\"qodef-icon-linea-icon icon-arrows-minus fa-4x\" style=\"font-size: 65px;color: #0D4F54 !important;\" ><\/i><\/div><\/div><\/li><li class='service_table_content' style='background-color: #FFFFFF;'><\/p>\n<ul>\n<li>1 person: \u20ac105<\/li>\n<li>2 people: \u20ac130<\/li>\n<li>2 people (separate beds): \u20ac140<\/li>\n<li>3 people: \u20ac150<\/li>\n<li>4 people: \u20ac170<\/li>\n<\/ul>\n<p><\/li><\/ul><\/div><div class=\"vc_empty_space\"  style=\"height: 22px\" >\n\t<span class=\"vc_empty_space_inner\">\n\t\t<span class=\"empty_space_image\"  ><\/span>\n\t<\/span>\n<\/div><\/div><\/div><\/div><div class=\"wpb_column vc_column_container vc_col-sm-4\"><div class=\"vc_column-inner\"><div class=\"wpb_wrapper\"><div class='service_table_holder'><ul class='service_table_inner'><li class='service_table_title_holder background_color_type' style='background-color: #FFFFFF;'><div class='service_table_title_inner'><div class='service_table_title_inner2'><h3 class='service_title' style=''>High season<\/h3><i class=\"qodef-icon-linea-icon icon-arrows-minus fa-3x\" style=\"font-size: 65pxpx;color: #0D4F54 !important;\" ><\/i><\/div><\/div><\/li><li class='service_table_content' style='background-color: #FFFFFF;'><\/p>\n<ul>\n<li>1 person: \u20ac135<\/li>\n<li>2 people: \u20ac150<\/li>\n<li>2 people (separate beds): \u20ac170<\/li>\n<li>3 people: \u20ac180<\/li>\n<li>4 people: \u20ac200<\/li>\n<\/ul>\n<p><\/li><\/ul><\/div>\n\t<div class=\"wpb_text_column wpb_content_element\">\n\t\t<div class=\"wpb_wrapper\">\n\t\t\t<p style=\"text-align: center;\">From March 10 to 13 and from September 14 to 18, 2026.<\/p>\n\n\t\t<\/div>\n\t<\/div><div class=\"vc_empty_space\"  style=\"height: 22px\" >\n\t<span class=\"vc_empty_space_inner\">\n\t\t<span class=\"empty_space_image\"  ><\/span>\n\t<\/span>\n<\/div><\/div><\/div><\/div><div class=\"wpb_column vc_column_container vc_col-sm-4\"><div class=\"vc_column-inner\"><div class=\"wpb_wrapper\"><div class='service_table_holder'><ul class='service_table_inner'><li class='service_table_title_holder background_color_type' style=''><div class='service_table_title_inner'><div class='service_table_title_inner2'><h3 class='service_title' style=''>Table d\u2019H\u00f4tes<\/h3><i class=\"qodef-icon-linea-icon icon-arrows-minus fa-3x\" style=\"font-size: 65pxpx;color: #0D4F54 !important;\" ><\/i><\/div><\/div><\/li><li class='service_table_content' style='background-color: #FFFFFF;'><\/p>\n<ul>\n<li>Full menu (starter, main, cheese, dessert, wine and coffee): \u20ac35<\/li>\n<li>Menu without cheese: \u20ac31<\/li>\n<li>Children\u2019s menu (under 6, on request): \u20ac16<\/li>\n<\/ul>\n<p><\/li><\/ul><\/div>\n\t<div class=\"wpb_text_column wpb_content_element\">\n\t\t<div class=\"wpb_wrapper\">\n\t\t\t<p style=\"text-align: center;\"><em>The table d\u2019h\u00f4tes is available on reservation only, at least 48 hours in advance.<\/em><\/p>\n\n\t\t<\/div>\n\t<\/div><div class=\"vc_empty_space\"  style=\"height: 22px\" >\n\t<span class=\"vc_empty_space_inner\">\n\t\t<span class=\"empty_space_image\"  ><\/span>\n\t<\/span>\n<\/div><\/div><\/div><\/div><\/div><\/div><\/div><div      class=\"vc_row wpb_row section vc_row-fluid vc_inner  grid_section\" style=' text-align:left;'><div class=\"section_inner clearfix\"><div class='section_inner_margin clearfix'><div class=\"wpb_column vc_column_container vc_col-sm-12\"><div class=\"vc_column-inner\"><div class=\"wpb_wrapper\">\n\t<div class=\"wpb_text_column wpb_content_element\">\n\t\t<div class=\"wpb_wrapper\">\n\t\t\t<h3>Practical information<\/h3>\n<ul>\n<li>A 30% deposit is required at the time of booking.<\/li>\n<li>Check-in from 5 pm - Check-out by 11 am at the latest.<\/li>\n<li>Payment by cash or bank transfer only (credit cards and holiday vouchers not accepted).<\/li>\n<li>Room and house are non-smoking.<\/li>\n<li>Pets are not accepted.<\/li>\n<li>Dietary requirements and allergies: please specify at the time of booking.<\/li>\n<\/ul>\n\n\t\t<\/div>\n\t<\/div><div class=\"vc_empty_space\"  style=\"height: 32px\" >\n\t<span class=\"vc_empty_space_inner\">\n\t\t<span class=\"empty_space_image\"  ><\/span>\n\t<\/span>\n<\/div><\/div><\/div><\/div><\/div><\/div><\/div>\n\t<div class=\"wpb_single_image wpb_content_element vc_align_left\">\n\t\t<div class=\"wpb_wrapper\">\n\t\t\t\n\t\t\t<div class=\"vc_single_image-wrapper   vc_box_border_grey\"><img loading=\"lazy\" decoding=\"async\" width=\"1920\" height=\"1009\" src=\"https:\/\/lapeuterne.fr\/wp-content\/uploads\/2026\/04\/la-peuterne-fond.jpg\" class=\"vc_single_image-img attachment-full\" alt=\"\" title=\"La Peuterne\" srcset=\"https:\/\/lapeuterne.fr\/wp-content\/uploads\/2026\/04\/la-peuterne-fond.jpg 1920w, https:\/\/lapeuterne.fr\/wp-content\/uploads\/2026\/04\/la-peuterne-fond-300x158.jpg 300w, https:\/\/lapeuterne.fr\/wp-content\/uploads\/2026\/04\/la-peuterne-fond-1024x538.jpg 1024w, https:\/\/lapeuterne.fr\/wp-content\/uploads\/2026\/04\/la-peuterne-fond-768x404.jpg 768w, https:\/\/lapeuterne.fr\/wp-content\/uploads\/2026\/04\/la-peuterne-fond-1536x807.jpg 1536w, https:\/\/lapeuterne.fr\/wp-content\/uploads\/2026\/04\/la-peuterne-fond-700x368.jpg 700w\" sizes=\"auto, (max-width: 1920px) 100vw, 1920px\" \/><\/div>\n\t\t<\/div>\n\t<\/div>\n<\/div><\/div><\/div><\/div><\/div><div      class=\"vc_row wpb_row section vc_row-fluid  vc_custom_1516791448209 grid_section\" style=' text-align:left;'><div class=\"section_inner clearfix\"><div class='section_inner_margin clearfix'><div class=\"wpb_column vc_column_container vc_col-sm-12 vc_col-lg-7 vc_col-md-7\"><div class=\"vc_column-inner vc_custom_1516708750681\"><div class=\"wpb_wrapper\"><div class='q_elements_holder one_column responsive_mode_from_768' ><div class='q_elements_item' data-480='40px 43px 17px' data-animation='no' data-item-class='q_elements_holder_custom_191999' style='background-color:#ffffff;'><div class='q_elements_item_inner'><div class='q_elements_item_content q_elements_holder_custom_191999' style='padding:40px 61px 17px'>\n\t<div class=\"wpb_text_column wpb_content_element\">\n\t\t<div class=\"wpb_wrapper\">\n\t\t\t<h2>Thinking of a stay? We\u2019d love to hear from you!<\/h2>\n\n\t\t<\/div>\n\t<\/div><div class=\"vc_empty_space\"  style=\"height: 26px\" >\n\t<span class=\"vc_empty_space_inner\">\n\t\t<span class=\"empty_space_image\"  ><\/span>\n\t<\/span>\n<\/div>\n\t<div class=\"wpb_text_column wpb_content_element\">\n\t\t<div class=\"wpb_wrapper\">\n\t\t\t<p><span style=\"font-size: 18px;\">For any questions or to book your stay at La Peuterne, don't hesitate to get in touch with us directly. Isabelle and Jean-Marc are here to welcome you and will get back to you as soon as possible.<\/span><\/p>\n\n\t\t<\/div>\n\t<\/div><div class=\"vc_empty_space\"  style=\"height: 34px\" >\n\t<span class=\"vc_empty_space_inner\">\n\t\t<span class=\"empty_space_image\"  ><\/span>\n\t<\/span>\n<\/div>\n<div class=\"wpcf7 no-js\" id=\"wpcf7-f94-o1\" lang=\"en-US\" dir=\"ltr\" data-wpcf7-id=\"94\">\n<div class=\"screen-reader-response\"><p role=\"status\" aria-live=\"polite\" aria-atomic=\"true\"><\/p> <ul><\/ul><\/div>\n<form action=\"\/en\/wp-json\/wp\/v2\/pages\/592#wpcf7-f94-o1\" method=\"post\" class=\"wpcf7-form init cf7_custom_style_1\" aria-label=\"Contact form\" novalidate=\"novalidate\" data-status=\"init\" data-trp-original-action=\"\/en\/wp-json\/wp\/v2\/pages\/592#wpcf7-f94-o1\">\n<fieldset class=\"hidden-fields-container\"><input type=\"hidden\" name=\"_wpcf7\" value=\"94\" \/><input type=\"hidden\" name=\"_wpcf7_version\" value=\"6.1.5\" \/><input type=\"hidden\" name=\"_wpcf7_locale\" value=\"en_US\" \/><input type=\"hidden\" name=\"_wpcf7_unit_tag\" value=\"wpcf7-f94-o1\" \/><input type=\"hidden\" name=\"_wpcf7_container_post\" value=\"0\" \/><input type=\"hidden\" name=\"_wpcf7_posted_data_hash\" value=\"\" \/>\n<\/fieldset>\n<div>\n\t<p><span class=\"wpcf7-form-control-wrap\" data-name=\"text-322\"><input size=\"40\" maxlength=\"400\" class=\"wpcf7-form-control wpcf7-text wpcf7-validates-as-required\" aria-required=\"true\" aria-invalid=\"false\" placeholder=\"Your first and last name...\" value=\"\" type=\"text\" name=\"text-322\" \/><\/span>\n\t<\/p>\n<\/div>\n<div>\n\t<p><span class=\"wpcf7-form-control-wrap\" data-name=\"text-322\"><input size=\"40\" maxlength=\"400\" class=\"wpcf7-form-control wpcf7-text wpcf7-validates-as-required\" aria-required=\"true\" aria-invalid=\"false\" placeholder=\"Your email...\" value=\"\" type=\"text\" name=\"text-322\" \/><\/span>\n\t<\/p>\n<\/div>\n<div>\n\t<p><span class=\"wpcf7-form-control-wrap\" data-name=\"textarea-836\"><textarea cols=\"40\" rows=\"10\" maxlength=\"2000\" class=\"wpcf7-form-control wpcf7-textarea\" aria-invalid=\"false\" placeholder=\"Your message...\" name=\"textarea-836\"><\/textarea><\/span>\n\t<\/p>\n<\/div>\n<p><input class=\"wpcf7-form-control wpcf7-submit has-spinner\" type=\"submit\" value=\"Send\" \/>\n<\/p><div class=\"wpcf7-response-output\" aria-hidden=\"true\"><\/div>\n<input type=\"hidden\" name=\"trp-form-language\" value=\"en\"\/><\/form>\n<\/div>\n<\/div><\/div><\/div><\/div><\/div><\/div><\/div><div class=\"wpb_column vc_column_container vc_col-sm-12 vc_col-lg-5 vc_col-md-5\"><div class=\"vc_column-inner\"><div class=\"wpb_wrapper\"><div class='q_elements_holder one_column responsive_mode_from_768' ><div class='q_elements_item' data-1024-1280='87px 20px 0 6px' data-480='36px 0 0 0' data-animation='no' data-item-class='q_elements_holder_custom_934231'><div class='q_elements_item_inner'><div class='q_elements_item_content q_elements_holder_custom_934231' style='padding:87px 20px 0 20px'>\n\t<div class=\"wpb_text_column wpb_content_element\">\n\t\t<div class=\"wpb_wrapper\">\n\t\t\t<h2>Contact us<\/h2>\n\n\t\t<\/div>\n\t<\/div><div class=\"vc_empty_space\"  style=\"height: 9px\" >\n\t<span class=\"vc_empty_space_inner\">\n\t\t<span class=\"empty_space_image\"  ><\/span>\n\t<\/span>\n<\/div>\n\t<div class=\"wpb_text_column wpb_content_element\">\n\t\t<div class=\"wpb_wrapper\">\n\t\t\t<p><span style=\"font-size: 19px; font-weight: 600; letter-spacing: 0; font-family: Raleway; line-height: 28px; color: #0d4f54;\">Address:<\/span><br \/>\nLa Peuterne \u2014 35250 Mouaz\u00e9<br \/>\nT\u00e9l. : +33 (0)9 51 19 96 37<\/p>\n\n\t\t<\/div>\n\t<\/div><\/div><\/div><\/div><\/div><div      class=\"vc_row wpb_row section vc_row-fluid vc_inner\" style=' text-align:left;'><div class=\"full_section_inner clearfix\"><div class=\"wpb_column vc_column_container vc_col-sm-12\"><div class=\"vc_column-inner\"><div class=\"wpb_wrapper\"><div class='q_elements_holder two_columns eh_two_columns_33_66 responsive_mode_from_768' ><div class='q_elements_item' data-1024-1280='21px 0 0 7px' data-480='17px 0 0 0' data-animation='no' data-item-class='q_elements_holder_custom_308933'><div class='q_elements_item_inner'><div class='q_elements_item_content q_elements_holder_custom_308933' style='padding:21px 0 0 20px'>\n\t<div class=\"wpb_text_column wpb_content_element\">\n\t\t<div class=\"wpb_wrapper\">\n\t\t\t<p><span style=\"font-size: 19px; font-weight: 600; letter-spacing: 0; font-family: Raleway; line-height: 28px; color: #0d4f54;\">Isabelle :<\/span><br \/>\n+33 (0)6 87 26 49 00<\/p>\n\n\t\t<\/div>\n\t<\/div><\/div><\/div><\/div><div class='q_elements_item' data-1024-1280='21px 0 0 34px' data-600-768='17px 0 0 20px' data-480='17px 0 0 0px' data-animation='no' data-item-class='q_elements_holder_custom_670264'><div class='q_elements_item_inner'><div class='q_elements_item_content q_elements_holder_custom_670264' style='padding:21px 0 0 0'>\n\t<div class=\"wpb_text_column wpb_content_element\">\n\t\t<div class=\"wpb_wrapper\">\n\t\t\t<p><span style=\"font-size: 19px; font-weight: 600; letter-spacing: 0; font-family: Raleway; line-height: 28px; color: #0d4f54;\">Jean-Marc :<\/span><br \/>\n+33 (0)6 74 80 15 11<\/p>\n\n\t\t<\/div>\n\t<\/div><\/div><\/div><\/div><\/div><\/div><\/div><\/div><\/div><\/div><div class='q_elements_holder one_column responsive_mode_from_768' ><div class='q_elements_item' data-1024-1280='33px 20px 0 6px' data-480='0 0 0 0' data-animation='no' data-item-class='q_elements_holder_custom_878372'><div class='q_elements_item_inner'><div class='q_elements_item_content q_elements_holder_custom_878372' style='padding:33px 20px 0 20px'>\n\t<div class=\"wpb_text_column wpb_content_element\">\n\t\t<div class=\"wpb_wrapper\">\n\t\t\t<p>Follow us on social media<\/p>\n\n\t\t<\/div>\n\t<\/div><div class=\"vc_empty_space\"  style=\"height: 12px\" >\n\t<span class=\"vc_empty_space_inner\">\n\t\t<span class=\"empty_space_image\"  ><\/span>\n\t<\/span>\n<\/div><span data-type=\"circle\" data-hover-bg-color=\"#BCD892\" data-hover-icon-color=\"#0D4F54\" class=\"qode_icon_shortcode fa-stack q_font_awsome_icon_stack fa-lg\" style=\"font-size: 20px;font-size: 22px;margin: 0 9px 0 0; \"><a  itemprop=\"url\" href=\"https:\/\/www.facebook.com\/profile.php?id=100083455444141\" target=\"_blank\"><i class=\"fa fa-circle fa-stack-base fa-stack-2x\" style=\"color: #0D4F54;\"><\/i><i class=\"qode_icon_font_awesome fa fa-facebook qode_icon_element fa-stack-1x\" style=\"font-size: 20px;color: #FFFFFF;\" ><\/i><\/a><\/span><div class=\"vc_empty_space\"  style=\"height: 12px\" >\n\t<span class=\"vc_empty_space_inner\">\n\t\t<span class=\"empty_space_image\"  ><\/span>\n\t<\/span>\n<\/div><\/div><\/div><\/div><\/div><\/div><\/div><\/div><\/div><\/div><\/div>\n<\/div>","protected":false},"excerpt":{"rendered":"Les tarifs Petit d\u00e9jeuner et taxe de s\u00e9jour inclus Tous nos tarifs comprennent le petit d\u00e9jeuner et la taxe de s\u00e9jour. Pas de mauvaise surprise \u00e0 la fin du s\u00e9jour ! Taxe de s\u00e9jour en vigueur au 1er janvier 2026 : 0,33 \u20ac \/ personne...","protected":false},"author":1,"featured_media":648,"parent":0,"menu_order":30,"comment_status":"closed","ping_status":"closed","template":"full_width.php","meta":{"inline_featured_image":false,"footnotes":""},"class_list":["post-592","page","type-page","status-publish","has-post-thumbnail","hentry"],"yoast_head":"<!-- This site is optimized with the Yoast SEO plugin v27.5 - https:\/\/yoast.com\/product\/yoast-seo-wordpress\/ -->\n<title>Les tarifs | Chambre d&#039;h\u00f4tes \u00e9cologique La Peuterne - Mouaz\u00e9<\/title>\n<meta name=\"description\" content=\"Consultez les tarifs de La Peuterne, chambre d&#039;h\u00f4tes pr\u00e8s de Rennes. Petit d\u00e9jeuner inclus, table d&#039;h\u00f4tes sur r\u00e9servation.\" \/>\n<meta name=\"robots\" content=\"index, follow, max-snippet:-1, max-image-preview:large, max-video-preview:-1\" \/>\n<link rel=\"canonical\" href=\"https:\/\/lapeuterne.fr\/en\/les-tarifs\/\" \/>\n<meta property=\"og:locale\" content=\"en_GB\" \/>\n<meta property=\"og:type\" content=\"article\" \/>\n<meta property=\"og:title\" content=\"Les tarifs | Chambre d&#039;h\u00f4tes \u00e9cologique La Peuterne - Mouaz\u00e9\" \/>\n<meta property=\"og:description\" content=\"Consultez les tarifs de La Peuterne, chambre d&#039;h\u00f4tes pr\u00e8s de Rennes. Petit d\u00e9jeuner inclus, table d&#039;h\u00f4tes sur r\u00e9servation.\" \/>\n<meta property=\"og:url\" content=\"https:\/\/lapeuterne.fr\/en\/les-tarifs\/\" \/>\n<meta property=\"og:site_name\" content=\"La Peuterne - Chambre d&#039;h\u00f4te\" \/>\n<meta property=\"article:publisher\" content=\"https:\/\/www.facebook.com\/profile.php?id=100083455444141\" \/>\n<meta property=\"article:modified_time\" content=\"2026-04-30T22:07:32+00:00\" \/>\n<meta property=\"og:image\" content=\"https:\/\/lapeuterne.fr\/wp-content\/uploads\/2026\/04\/maison-la-peuterne-ext-2-2.jpg\" \/>\n\t<meta property=\"og:image:width\" content=\"1920\" \/>\n\t<meta property=\"og:image:height\" content=\"1280\" \/>\n\t<meta property=\"og:image:type\" content=\"image\/jpeg\" \/>\n<meta name=\"twitter:card\" content=\"summary_large_image\" \/>\n<meta name=\"twitter:label1\" content=\"Estimated reading time\" \/>\n\t<meta name=\"twitter:data1\" content=\"3 minutes\" \/>\n<script type=\"application\/ld+json\" class=\"yoast-schema-graph\">{\"@context\":\"https:\\\/\\\/schema.org\",\"@graph\":[{\"@type\":\"WebPage\",\"@id\":\"https:\\\/\\\/lapeuterne.fr\\\/les-tarifs\\\/\",\"url\":\"https:\\\/\\\/lapeuterne.fr\\\/les-tarifs\\\/\",\"name\":\"Les tarifs | Chambre d'h\u00f4tes \u00e9cologique La Peuterne - Mouaz\u00e9\",\"isPartOf\":{\"@id\":\"https:\\\/\\\/lapeuterne.fr\\\/#website\"},\"primaryImageOfPage\":{\"@id\":\"https:\\\/\\\/lapeuterne.fr\\\/les-tarifs\\\/#primaryimage\"},\"image\":{\"@id\":\"https:\\\/\\\/lapeuterne.fr\\\/les-tarifs\\\/#primaryimage\"},\"thumbnailUrl\":\"https:\\\/\\\/lapeuterne.fr\\\/wp-content\\\/uploads\\\/2026\\\/04\\\/maison-la-peuterne-ext-2-2.jpg\",\"datePublished\":\"2026-04-18T19:38:08+00:00\",\"dateModified\":\"2026-04-30T22:07:32+00:00\",\"description\":\"Consultez les tarifs de La Peuterne, chambre d'h\u00f4tes pr\u00e8s de Rennes. Petit d\u00e9jeuner inclus, table d'h\u00f4tes sur r\u00e9servation.\",\"breadcrumb\":{\"@id\":\"https:\\\/\\\/lapeuterne.fr\\\/les-tarifs\\\/#breadcrumb\"},\"inLanguage\":\"en-GB\",\"potentialAction\":[{\"@type\":\"ReadAction\",\"target\":[\"https:\\\/\\\/lapeuterne.fr\\\/les-tarifs\\\/\"]}]},{\"@type\":\"ImageObject\",\"inLanguage\":\"en-GB\",\"@id\":\"https:\\\/\\\/lapeuterne.fr\\\/les-tarifs\\\/#primaryimage\",\"url\":\"https:\\\/\\\/lapeuterne.fr\\\/wp-content\\\/uploads\\\/2026\\\/04\\\/maison-la-peuterne-ext-2-2.jpg\",\"contentUrl\":\"https:\\\/\\\/lapeuterne.fr\\\/wp-content\\\/uploads\\\/2026\\\/04\\\/maison-la-peuterne-ext-2-2.jpg\",\"width\":1920,\"height\":1280,\"caption\":\"La Peuterne - Ext\u00e9rieur\"},{\"@type\":\"BreadcrumbList\",\"@id\":\"https:\\\/\\\/lapeuterne.fr\\\/les-tarifs\\\/#breadcrumb\",\"itemListElement\":[{\"@type\":\"ListItem\",\"position\":1,\"name\":\"Accueil\",\"item\":\"https:\\\/\\\/lapeuterne.fr\\\/\"},{\"@type\":\"ListItem\",\"position\":2,\"name\":\"Les tarifs\"}]},{\"@type\":\"WebSite\",\"@id\":\"https:\\\/\\\/lapeuterne.fr\\\/#website\",\"url\":\"https:\\\/\\\/lapeuterne.fr\\\/\",\"name\":\"La Peuterne - Chambre d'h\u00f4te\",\"description\":\"\",\"publisher\":{\"@id\":\"https:\\\/\\\/lapeuterne.fr\\\/#organization\"},\"potentialAction\":[{\"@type\":\"SearchAction\",\"target\":{\"@type\":\"EntryPoint\",\"urlTemplate\":\"https:\\\/\\\/lapeuterne.fr\\\/?s={search_term_string}\"},\"query-input\":{\"@type\":\"PropertyValueSpecification\",\"valueRequired\":true,\"valueName\":\"search_term_string\"}}],\"inLanguage\":\"en-GB\"},{\"@type\":\"Organization\",\"@id\":\"https:\\\/\\\/lapeuterne.fr\\\/#organization\",\"name\":\"La Peuterne - Chambre d'h\u00f4te\",\"url\":\"https:\\\/\\\/lapeuterne.fr\\\/\",\"logo\":{\"@type\":\"ImageObject\",\"inLanguage\":\"en-GB\",\"@id\":\"https:\\\/\\\/lapeuterne.fr\\\/#\\\/schema\\\/logo\\\/image\\\/\",\"url\":\"https:\\\/\\\/lapeuterne.fr\\\/wp-content\\\/uploads\\\/2026\\\/04\\\/la-peuterne-vert-fonce.svg\",\"contentUrl\":\"https:\\\/\\\/lapeuterne.fr\\\/wp-content\\\/uploads\\\/2026\\\/04\\\/la-peuterne-vert-fonce.svg\",\"width\":180,\"height\":80,\"caption\":\"La Peuterne - Chambre d'h\u00f4te\"},\"image\":{\"@id\":\"https:\\\/\\\/lapeuterne.fr\\\/#\\\/schema\\\/logo\\\/image\\\/\"},\"sameAs\":[\"https:\\\/\\\/www.facebook.com\\\/profile.php?id=100083455444141\",\"https:\\\/\\\/www.instagram.com\\\/lapeuterne35\\\/\"]}]}<\/script>\n<!-- \/ Yoast SEO plugin. -->","yoast_head_json":{"title":"Les tarifs | Chambre d'h\u00f4tes \u00e9cologique La Peuterne - Mouaz\u00e9","description":"Consultez les tarifs de La Peuterne, chambre d'h\u00f4tes pr\u00e8s de Rennes. Petit d\u00e9jeuner inclus, table d'h\u00f4tes sur r\u00e9servation.","robots":{"index":"index","follow":"follow","max-snippet":"max-snippet:-1","max-image-preview":"max-image-preview:large","max-video-preview":"max-video-preview:-1"},"canonical":"https:\/\/lapeuterne.fr\/en\/les-tarifs\/","og_locale":"en_GB","og_type":"article","og_title":"Les tarifs | Chambre d'h\u00f4tes \u00e9cologique La Peuterne - Mouaz\u00e9","og_description":"Consultez les tarifs de La Peuterne, chambre d'h\u00f4tes pr\u00e8s de Rennes. Petit d\u00e9jeuner inclus, table d'h\u00f4tes sur r\u00e9servation.","og_url":"https:\/\/lapeuterne.fr\/en\/les-tarifs\/","og_site_name":"La Peuterne - Chambre d&#039;h\u00f4te","article_publisher":"https:\/\/www.facebook.com\/profile.php?id=100083455444141","article_modified_time":"2026-04-30T22:07:32+00:00","og_image":[{"width":1920,"height":1280,"url":"https:\/\/lapeuterne.fr\/wp-content\/uploads\/2026\/04\/maison-la-peuterne-ext-2-2.jpg","type":"image\/jpeg"}],"twitter_card":"summary_large_image","twitter_misc":{"Estimated reading time":"3 minutes"},"schema":{"@context":"https:\/\/schema.org","@graph":[{"@type":"WebPage","@id":"https:\/\/lapeuterne.fr\/les-tarifs\/","url":"https:\/\/lapeuterne.fr\/les-tarifs\/","name":"Les tarifs | Chambre d'h\u00f4tes \u00e9cologique La Peuterne - Mouaz\u00e9","isPartOf":{"@id":"https:\/\/lapeuterne.fr\/#website"},"primaryImageOfPage":{"@id":"https:\/\/lapeuterne.fr\/les-tarifs\/#primaryimage"},"image":{"@id":"https:\/\/lapeuterne.fr\/les-tarifs\/#primaryimage"},"thumbnailUrl":"https:\/\/lapeuterne.fr\/wp-content\/uploads\/2026\/04\/maison-la-peuterne-ext-2-2.jpg","datePublished":"2026-04-18T19:38:08+00:00","dateModified":"2026-04-30T22:07:32+00:00","description":"Consultez les tarifs de La Peuterne, chambre d'h\u00f4tes pr\u00e8s de Rennes. Petit d\u00e9jeuner inclus, table d'h\u00f4tes sur r\u00e9servation.","breadcrumb":{"@id":"https:\/\/lapeuterne.fr\/les-tarifs\/#breadcrumb"},"inLanguage":"en-GB","potentialAction":[{"@type":"ReadAction","target":["https:\/\/lapeuterne.fr\/les-tarifs\/"]}]},{"@type":"ImageObject","inLanguage":"en-GB","@id":"https:\/\/lapeuterne.fr\/les-tarifs\/#primaryimage","url":"https:\/\/lapeuterne.fr\/wp-content\/uploads\/2026\/04\/maison-la-peuterne-ext-2-2.jpg","contentUrl":"https:\/\/lapeuterne.fr\/wp-content\/uploads\/2026\/04\/maison-la-peuterne-ext-2-2.jpg","width":1920,"height":1280,"caption":"La Peuterne - Ext\u00e9rieur"},{"@type":"BreadcrumbList","@id":"https:\/\/lapeuterne.fr\/les-tarifs\/#breadcrumb","itemListElement":[{"@type":"ListItem","position":1,"name":"Accueil","item":"https:\/\/lapeuterne.fr\/"},{"@type":"ListItem","position":2,"name":"Les tarifs"}]},{"@type":"WebSite","@id":"https:\/\/lapeuterne.fr\/#website","url":"https:\/\/lapeuterne.fr\/","name":"La Peuterne - Chambre d'h\u00f4te","description":"","publisher":{"@id":"https:\/\/lapeuterne.fr\/#organization"},"potentialAction":[{"@type":"SearchAction","target":{"@type":"EntryPoint","urlTemplate":"https:\/\/lapeuterne.fr\/?s={search_term_string}"},"query-input":{"@type":"PropertyValueSpecification","valueRequired":true,"valueName":"search_term_string"}}],"inLanguage":"en-GB"},{"@type":"Organization","@id":"https:\/\/lapeuterne.fr\/#organization","name":"La Peuterne - Chambre d'h\u00f4te","url":"https:\/\/lapeuterne.fr\/","logo":{"@type":"ImageObject","inLanguage":"en-GB","@id":"https:\/\/lapeuterne.fr\/#\/schema\/logo\/image\/","url":"https:\/\/lapeuterne.fr\/wp-content\/uploads\/2026\/04\/la-peuterne-vert-fonce.svg","contentUrl":"https:\/\/lapeuterne.fr\/wp-content\/uploads\/2026\/04\/la-peuterne-vert-fonce.svg","width":180,"height":80,"caption":"La Peuterne - Chambre d'h\u00f4te"},"image":{"@id":"https:\/\/lapeuterne.fr\/#\/schema\/logo\/image\/"},"sameAs":["https:\/\/www.facebook.com\/profile.php?id=100083455444141","https:\/\/www.instagram.com\/lapeuterne35\/"]}]}},"_links":{"self":[{"href":"https:\/\/lapeuterne.fr\/en\/wp-json\/wp\/v2\/pages\/592","targetHints":{"allow":["GET"]}}],"collection":[{"href":"https:\/\/lapeuterne.fr\/en\/wp-json\/wp\/v2\/pages"}],"about":[{"href":"https:\/\/lapeuterne.fr\/en\/wp-json\/wp\/v2\/types\/page"}],"author":[{"embeddable":true,"href":"https:\/\/lapeuterne.fr\/en\/wp-json\/wp\/v2\/users\/1"}],"replies":[{"embeddable":true,"href":"https:\/\/lapeuterne.fr\/en\/wp-json\/wp\/v2\/comments?post=592"}],"version-history":[{"count":48,"href":"https:\/\/lapeuterne.fr\/en\/wp-json\/wp\/v2\/pages\/592\/revisions"}],"predecessor-version":[{"id":852,"href":"https:\/\/lapeuterne.fr\/en\/wp-json\/wp\/v2\/pages\/592\/revisions\/852"}],"wp:featuredmedia":[{"embeddable":true,"href":"https:\/\/lapeuterne.fr\/en\/wp-json\/wp\/v2\/media\/648"}],"wp:attachment":[{"href":"https:\/\/lapeuterne.fr\/en\/wp-json\/wp\/v2\/media?parent=592"}],"curies":[{"name":"wp","href":"https:\/\/api.w.org\/{rel}","templated":true}]}}