{"id":185,"date":"2026-04-05T15:04:33","date_gmt":"2026-04-05T13:04:33","guid":{"rendered":"http:\/\/bridge136.qodeinteractive.com\/?page_id=185"},"modified":"2026-05-01T00:50:16","modified_gmt":"2026-04-30T22:50:16","slug":"contact-reservation","status":"publish","type":"page","link":"https:\/\/lapeuterne.fr\/en\/contact-reservation\/","title":{"rendered":"Contact and Booking"},"content":{"rendered":"<div class=\"wpb-content-wrapper\"><div class=\"vc_row wpb_row section vc_row-fluid  grid_section\" style=' text-align:center;'><div class=\"section_inner clearfix\"><div class='section_inner_margin clearfix'><div class=\"wpb_column vc_column_container vc_col-sm-12 vc_col-lg-offset-2 vc_col-lg-8\"><div class=\"vc_column-inner vc_custom_1516710684527\"><div class=\"wpb_wrapper\"><div class='q_elements_holder one_column responsive_mode_from_768' ><div class='q_elements_item' data-1280-1440='42px 66px 59px 66px' data-480='71px 20px 59px 23px' data-animation='no' data-item-class='q_elements_holder_custom_681537' style='background-color:#ffffff;'><div class='q_elements_item_inner'><div class='q_elements_item_content q_elements_holder_custom_681537' style='padding:42px 88px 59px 88px'>\n\t<div class=\"wpb_text_column wpb_content_element\">\n\t\t<div class=\"wpb_wrapper\">\n\t\t\t<h1>Contact &amp; Booking<\/h1>\n\n\t\t<\/div>\n\t<\/div>\n\t<div class=\"wpb_text_column wpb_content_element\">\n\t\t<div class=\"wpb_wrapper\">\n\t\t\t<p><span style=\"font-size: 20px;\">Thinking of a stay? We\u2019d love to hear from you!<\/span><\/p>\n\n\t\t<\/div>\n\t<\/div><\/div><\/div><\/div><\/div><\/div><\/div><\/div><\/div><\/div><\/div><section      data-speed=\"1\" class=\"parallax_section_holder\" style = \" height:px; background-image:url('https:\/\/lapeuterne.fr\/wp-content\/uploads\/2026\/04\/background-image-about-2.jpg');\"><div class=\"parallax_content left\"><div class='parallax_section_inner_margin clearfix'><div class=\"wpb_column vc_column_container vc_col-sm-12 vc_col-lg-7 vc_col-md-7\"><div class=\"vc_column-inner\"><div class=\"wpb_wrapper\"><div class='q_elements_holder one_column responsive_mode_from_768' ><div class='q_elements_item' data-600-768='92px 0px 0px' data-480='49px 0px 0px' data-animation='no' data-item-class='q_elements_holder_custom_272278'><div class='q_elements_item_inner'><div class='q_elements_item_content q_elements_holder_custom_272278' style='padding:92px 61px 17px'>\n\t<div class=\"wpb_text_column wpb_content_element\">\n\t\t<div class=\"wpb_wrapper\">\n\t\t\t<p>For any question or to book your stay at La Peuterne, please get in touch with us directly. Isabelle and Jean-Marc are here to welcome you and will respond as soon as possible.<\/p>\n\n\t\t<\/div>\n\t<\/div><div class=\"vc_empty_space\"  style=\"height: 16px\" >\n\t<span class=\"vc_empty_space_inner\">\n\t\t<span class=\"empty_space_image\"  ><\/span>\n\t<\/span>\n<\/div>\n<div class=\"wpcf7 no-js\" id=\"wpcf7-f94-o1\" lang=\"en-US\" dir=\"ltr\" data-wpcf7-id=\"94\">\n<div class=\"screen-reader-response\"><p role=\"status\" aria-live=\"polite\" aria-atomic=\"true\"><\/p> <ul><\/ul><\/div>\n<form action=\"\/en\/wp-json\/wp\/v2\/pages\/185#wpcf7-f94-o1\" method=\"post\" class=\"wpcf7-form init cf7_custom_style_2\" aria-label=\"Contact form\" novalidate=\"novalidate\" data-status=\"init\" data-trp-original-action=\"\/en\/wp-json\/wp\/v2\/pages\/185#wpcf7-f94-o1\">\n<fieldset class=\"hidden-fields-container\"><input type=\"hidden\" name=\"_wpcf7\" value=\"94\" \/><input type=\"hidden\" name=\"_wpcf7_version\" value=\"6.1.5\" \/><input type=\"hidden\" name=\"_wpcf7_locale\" value=\"en_US\" \/><input type=\"hidden\" name=\"_wpcf7_unit_tag\" value=\"wpcf7-f94-o1\" \/><input type=\"hidden\" name=\"_wpcf7_container_post\" value=\"0\" \/><input type=\"hidden\" name=\"_wpcf7_posted_data_hash\" value=\"\" \/>\n<\/fieldset>\n<div>\n\t<p><span class=\"wpcf7-form-control-wrap\" data-name=\"text-322\"><input size=\"40\" maxlength=\"400\" class=\"wpcf7-form-control wpcf7-text wpcf7-validates-as-required\" aria-required=\"true\" aria-invalid=\"false\" placeholder=\"Your first and last name...\" value=\"\" type=\"text\" name=\"text-322\" \/><\/span>\n\t<\/p>\n<\/div>\n<div>\n\t<p><span class=\"wpcf7-form-control-wrap\" data-name=\"text-322\"><input size=\"40\" maxlength=\"400\" class=\"wpcf7-form-control wpcf7-text wpcf7-validates-as-required\" aria-required=\"true\" aria-invalid=\"false\" placeholder=\"Your email...\" value=\"\" type=\"text\" name=\"text-322\" \/><\/span>\n\t<\/p>\n<\/div>\n<div>\n\t<p><span class=\"wpcf7-form-control-wrap\" data-name=\"textarea-836\"><textarea cols=\"40\" rows=\"10\" maxlength=\"2000\" class=\"wpcf7-form-control wpcf7-textarea\" aria-invalid=\"false\" placeholder=\"Your message...\" name=\"textarea-836\"><\/textarea><\/span>\n\t<\/p>\n<\/div>\n<p><input class=\"wpcf7-form-control wpcf7-submit has-spinner\" type=\"submit\" value=\"Send\" \/>\n<\/p><div class=\"wpcf7-response-output\" aria-hidden=\"true\"><\/div>\n<input type=\"hidden\" name=\"trp-form-language\" value=\"en\"\/><\/form>\n<\/div>\n<\/div><\/div><\/div><\/div><\/div><\/div><\/div><div class=\"wpb_column vc_column_container vc_col-sm-12 vc_col-lg-5 vc_col-md-5\"><div class=\"vc_column-inner\"><div class=\"wpb_wrapper\"><div class='q_elements_holder one_column responsive_mode_from_768' ><div class='q_elements_item' data-1024-1280='92px 20px 0 0px' data-480='36px 0 0 0' data-animation='no' data-item-class='q_elements_holder_custom_419751'><div class='q_elements_item_inner'><div class='q_elements_item_content q_elements_holder_custom_419751' style='padding:92px 20px 0 20px'>\n\t<div class=\"wpb_text_column wpb_content_element\">\n\t\t<div class=\"wpb_wrapper\">\n\t\t\t<h2>Isabelle et Jean-Marc Lem\u00e9nager<\/h2>\n\n\t\t<\/div>\n\t<\/div><div class=\"vc_empty_space\"  style=\"height: 9px\" >\n\t<span class=\"vc_empty_space_inner\">\n\t\t<span class=\"empty_space_image\"  ><\/span>\n\t<\/span>\n<\/div>\n\t<div class=\"wpb_text_column wpb_content_element\">\n\t\t<div class=\"wpb_wrapper\">\n\t\t\t<p><span style=\"font-size: 19px; font-weight: 600; letter-spacing: 0; font-family: Raleway; line-height: 28px; color: #0d4f54;\">Address:<\/span><br \/>\nLa Peuterne \u2014 35250 Mouaz\u00e9<br \/>\nT\u00e9l. : +33 (0)9 51 19 96 37<\/p>\n\n\t\t<\/div>\n\t<\/div><\/div><\/div><\/div><\/div><div      class=\"vc_row wpb_row section vc_row-fluid vc_inner\" style=' text-align:left;'><div class=\"full_section_inner clearfix\"><div class=\"wpb_column vc_column_container vc_col-sm-12\"><div class=\"vc_column-inner\"><div class=\"wpb_wrapper\"><div class='q_elements_holder two_columns eh_two_columns_33_66 responsive_mode_from_768' ><div class='q_elements_item' data-1024-1280='21px 0 0 0px' data-480='17px 0 0 0' data-animation='no' data-item-class='q_elements_holder_custom_327566'><div class='q_elements_item_inner'><div class='q_elements_item_content q_elements_holder_custom_327566' style='padding:21px 0 0 20px'>\n\t<div class=\"wpb_text_column wpb_content_element\">\n\t\t<div class=\"wpb_wrapper\">\n\t\t\t<p><span style=\"font-size: 19px; font-weight: 600; letter-spacing: 0; font-family: Raleway; line-height: 28px; color: #0d4f54;\">Isabelle :<\/span><br \/>\n+33 (0)6 87 26 49 00<\/p>\n\n\t\t<\/div>\n\t<\/div><\/div><\/div><\/div><div class='q_elements_item' data-1024-1280='21px 0 0 16px' data-600-768='17px 0 0 20px' data-480='17px 0 0 0px' data-animation='no' data-item-class='q_elements_holder_custom_386552'><div class='q_elements_item_inner'><div class='q_elements_item_content q_elements_holder_custom_386552' style='padding:21px 0 0 20px'>\n\t<div class=\"wpb_text_column wpb_content_element\">\n\t\t<div class=\"wpb_wrapper\">\n\t\t\t<p><span style=\"font-size: 19px; font-weight: 600; letter-spacing: 0; font-family: Raleway; line-height: 28px; color: #0d4f54;\">Jean-Marc :<\/span><br \/>\n+33 (0)6 74 80 15 11<\/p>\n\n\t\t<\/div>\n\t<\/div><div class=\"vc_empty_space\"  style=\"height: 16px\" >\n\t<span class=\"vc_empty_space_inner\">\n\t\t<span class=\"empty_space_image\"  ><\/span>\n\t<\/span>\n<\/div><\/div><\/div><\/div><\/div><\/div><\/div><\/div><\/div><\/div><div class='q_elements_holder one_column responsive_mode_from_768' ><div class='q_elements_item' data-1024-1280='33px 20px 0 0px' data-600-768='33px 20px 40px 20px' data-480='0 0 41px 0' data-animation='no' data-item-class='q_elements_holder_custom_356436'><div class='q_elements_item_inner'><div class='q_elements_item_content q_elements_holder_custom_356436' style='padding:33px 20px 0 20px'>\n\t<div class=\"wpb_text_column wpb_content_element\">\n\t\t<div class=\"wpb_wrapper\">\n\t\t\t<p>Follow us on social media<\/p>\n\n\t\t<\/div>\n\t<\/div><div class=\"vc_empty_space\"  style=\"height: 12px\" >\n\t<span class=\"vc_empty_space_inner\">\n\t\t<span class=\"empty_space_image\"  ><\/span>\n\t<\/span>\n<\/div><span data-type=\"circle\" data-hover-bg-color=\"#BCD892\" data-hover-icon-color=\"#0D4F54\" class=\"qode_icon_shortcode fa-stack q_font_awsome_icon_stack fa-lg\" style=\"font-size: 20px;font-size: 22px;margin: 0 9px 0 0; \"><a  itemprop=\"url\" href=\"https:\/\/www.facebook.com\/profile.php?id=100083455444141\" target=\"_blank\"><i class=\"fa fa-circle fa-stack-base fa-stack-2x\" style=\"color: #0D4F54;\"><\/i><i class=\"qode_icon_font_awesome fa fa-facebook qode_icon_element fa-stack-1x\" style=\"font-size: 20px;color: #ffffff;\" ><\/i><\/a><\/span><div class=\"vc_empty_space\"  style=\"height: 12px\" >\n\t<span class=\"vc_empty_space_inner\">\n\t\t<span class=\"empty_space_image\"  ><\/span>\n\t<\/span>\n<\/div><\/div><\/div><\/div><\/div><\/div><\/div><\/div><\/div><\/div><\/section><div id=\"acces\"     class=\"vc_row wpb_row section vc_row-fluid  vc_custom_1775415902459 grid_section\" style='background-color:#FFFFFF; text-align:left;'><svg class=\"angled-section svg-top\" preserveaspectratio=\"none\" viewbox=\"0 0 86 86\" width=\"100%\" height=\"86\"><polygon points=\"0,86 86,0 86,86\" style=\"fill:#FFFFFF;\" \/><\/svg><div class=\"section_inner clearfix\"><div class='section_inner_margin clearfix'><div class=\"wpb_column vc_column_container vc_col-sm-12 vc_col-lg-7 vc_col-md-7\"><div class=\"vc_column-inner\"><div class=\"wpb_wrapper\"><div class='q_elements_holder one_column responsive_mode_from_768' ><div class='q_elements_item' data-600-768='92px 0px 0px' data-480='49px 0px 0px' data-animation='no' data-item-class='q_elements_holder_custom_990861'><div class='q_elements_item_inner'><div class='q_elements_item_content q_elements_holder_custom_990861' style='padding:92px 61px 17px'>\n\t<div class=\"wpb_text_column wpb_content_element\">\n\t\t<div class=\"wpb_wrapper\">\n\t\t\t<h2>How to get to La Peuterne<\/h2>\n<p>La Peuterne is ideally located in Mouaz\u00e9, in Ille-et-Vilaine, just 15 minutes north of Rennes. Easy to reach whether you come by car or by bike.<\/p>\n\n\t\t<\/div>\n\t<\/div><div class=\"vc_empty_space\"  style=\"height: 32px\" >\n\t<span class=\"vc_empty_space_inner\">\n\t\t<span class=\"empty_space_image\"  ><\/span>\n\t<\/span>\n<\/div><div class=\"wpb_gmaps_widget wpb_content_element vc_map_responsive\"><div class=\"wpb_wrapper\"><div class=\"wpb_map_wraper\"><iframe loading=\"lazy\" src=\"https:\/\/maps.google.com\/maps?q=Mouaz%C3%A9%2C%20France&#038;t=m&#038;z=10&#038;output=embed&#038;iwloc=near\" title=\"Mouaz\u00e9, France\" aria-label=\"Mouaz\u00e9, France\" ><\/iframe><\/div><\/div><\/div><\/div><\/div><\/div><\/div><\/div><\/div><\/div><div class=\"wpb_column vc_column_container vc_col-sm-12 vc_col-lg-5 vc_col-md-5\"><div class=\"vc_column-inner\"><div class=\"wpb_wrapper\"><div class='q_elements_holder one_column responsive_mode_from_768' ><div class='q_elements_item' data-1024-1280='92px 20px 0 0px' data-480='36px 0 0 0' data-animation='no' data-item-class='q_elements_holder_custom_596436'><div class='q_elements_item_inner'><div class='q_elements_item_content q_elements_holder_custom_596436' style='padding:92px 20px 0 20px'>\n\t<div class=\"wpb_text_column wpb_content_element\">\n\t\t<div class=\"wpb_wrapper\">\n\t\t\t<h3>By car<\/h3>\n<p>A map with directions will be sent to you upon confirmation of your reservation. Free private parking in the courtyard is available.<\/p>\n<p>Adresse : La Peuterne &#8211; 35250 Mouaz\u00e9<\/p>\n\n\t\t<\/div>\n\t<\/div><div class=\"vc_empty_space\"  style=\"height: 32px\" >\n\t<span class=\"vc_empty_space_inner\">\n\t\t<span class=\"empty_space_image\"  ><\/span>\n\t<\/span>\n<\/div>\n\t<div class=\"wpb_text_column wpb_content_element\">\n\t\t<div class=\"wpb_wrapper\">\n\t\t\t<h3>By train then by bike from Rennes<\/h3>\n<p>Leave your car at home and experience the adventure on two wheels! From Rennes station, 74% of the journey is on cycle paths. A safe and pleasant route to reach Mouaz\u00e9.<\/p>\n\n\t\t<\/div>\n\t<\/div><div class=\"vc_empty_space\"  style=\"height: 32px\" >\n\t<span class=\"vc_empty_space_inner\">\n\t\t<span class=\"empty_space_image\"  ><\/span>\n\t<\/span>\n<\/div><a  itemprop=\"url\" href=\"https:\/\/geovelo.app\/fr\/route\/?bike-type=own&#038;c=-1.629369%2C48.165010&#038;e-bike=false&#038;from=-1.672867%2C48.102532&#038;to=-1.610200%2C48.230727&#038;z=10.88\" target=\"_blank\"  class=\"qbutton  small default\" style=\"\">View the cycling itinerary on Geovelo<i class=\"qode_icon_font_awesome_5 fa5 fa fa-bicycle qode_button_icon_element\"><\/i><\/a><div class=\"vc_empty_space\"  style=\"height: 32px\" >\n\t<span class=\"vc_empty_space_inner\">\n\t\t<span class=\"empty_space_image\"  ><\/span>\n\t<\/span>\n<\/div><a  itemprop=\"url\" href=\"https:\/\/www.star.fr\/reseau-star\/velo\/maison-du-velo\" target=\"_blank\"  class=\"qbutton  small default\" style=\"\">Hire a bike at the Maison du V\u00e9lo \u2014 Rennes station (STAR)<\/a><\/div><\/div><\/div><\/div><\/div><\/div><\/div><\/div><\/div><svg class=\"angled-section svg-bottom\" preserveaspectratio=\"none\" viewbox=\"0 0 86 86\" width=\"100%\" height=\"86\"><polygon points=\"0,0 0,86 86,0\" style=\"fill:#FFFFFF;\" \/><\/svg><\/div>\n<\/div>","protected":false},"excerpt":{"rendered":"Contact &amp; R\u00e9servation Une envie de s\u00e9journer \u00e0 La Peuterne ? On attend votre message avec plaisir ! Pour toute question ou pour r\u00e9server votre s\u00e9jour \u00e0 La Peuterne, n'h\u00e9sitez pas \u00e0 nous contacter directement. Isabelle et Jean-Marc sont l\u00e0 pour vous accueillir et vous...","protected":false},"author":1,"featured_media":640,"parent":0,"menu_order":50,"comment_status":"closed","ping_status":"closed","template":"full_width.php","meta":{"inline_featured_image":false,"footnotes":""},"class_list":["post-185","page","type-page","status-publish","has-post-thumbnail","hentry"],"yoast_head":"<!-- This site is optimized with the Yoast SEO plugin v27.5 - https:\/\/yoast.com\/product\/yoast-seo-wordpress\/ -->\n<title>Contact &amp; R\u00e9servation - La Peuterne, chambre d&#039;h\u00f4tes \u00e0 Mouaz\u00e9<\/title>\n<meta name=\"description\" content=\"Contactez Isabelle et Jean-Marc pour r\u00e9server votre s\u00e9jour \u00e0 La Peuterne, chambre d&#039;h\u00f4tes \u00e9cologique \u00e0 Mouaz\u00e9 en Bretagne.\" \/>\n<meta name=\"robots\" content=\"index, follow, max-snippet:-1, max-image-preview:large, max-video-preview:-1\" \/>\n<link rel=\"canonical\" href=\"https:\/\/lapeuterne.fr\/en\/contact-reservation\/\" \/>\n<meta property=\"og:locale\" content=\"en_GB\" \/>\n<meta property=\"og:type\" content=\"article\" \/>\n<meta property=\"og:title\" content=\"Contact &amp; R\u00e9servation - La Peuterne, chambre d&#039;h\u00f4tes \u00e0 Mouaz\u00e9\" \/>\n<meta property=\"og:description\" content=\"Contactez Isabelle et Jean-Marc pour r\u00e9server votre s\u00e9jour \u00e0 La Peuterne, chambre d&#039;h\u00f4tes \u00e9cologique \u00e0 Mouaz\u00e9 en Bretagne.\" \/>\n<meta property=\"og:url\" content=\"https:\/\/lapeuterne.fr\/en\/contact-reservation\/\" \/>\n<meta property=\"og:site_name\" content=\"La Peuterne - Chambre d&#039;h\u00f4te\" \/>\n<meta property=\"article:publisher\" content=\"https:\/\/www.facebook.com\/profile.php?id=100083455444141\" \/>\n<meta property=\"article:modified_time\" content=\"2026-04-30T22:50:16+00:00\" \/>\n<meta property=\"og:image\" content=\"https:\/\/lapeuterne.fr\/wp-content\/uploads\/2026\/04\/louis-le-pessot-wIlYlBPQolA-unsplash-1.jpg\" \/>\n\t<meta property=\"og:image:width\" content=\"1920\" \/>\n\t<meta property=\"og:image:height\" content=\"1280\" \/>\n\t<meta property=\"og:image:type\" content=\"image\/jpeg\" \/>\n<meta name=\"twitter:card\" content=\"summary_large_image\" \/>\n<meta name=\"twitter:label1\" content=\"Estimated reading time\" \/>\n\t<meta name=\"twitter:data1\" content=\"3 minutes\" \/>\n<script type=\"application\/ld+json\" class=\"yoast-schema-graph\">{\"@context\":\"https:\\\/\\\/schema.org\",\"@graph\":[{\"@type\":\"WebPage\",\"@id\":\"https:\\\/\\\/lapeuterne.fr\\\/en\\\/contact-reservation\\\/\",\"url\":\"https:\\\/\\\/lapeuterne.fr\\\/en\\\/contact-reservation\\\/\",\"name\":\"Contact & R\u00e9servation - La Peuterne, chambre d'h\u00f4tes \u00e0 Mouaz\u00e9\",\"isPartOf\":{\"@id\":\"https:\\\/\\\/lapeuterne.fr\\\/#website\"},\"primaryImageOfPage\":{\"@id\":\"https:\\\/\\\/lapeuterne.fr\\\/en\\\/contact-reservation\\\/#primaryimage\"},\"image\":{\"@id\":\"https:\\\/\\\/lapeuterne.fr\\\/en\\\/contact-reservation\\\/#primaryimage\"},\"thumbnailUrl\":\"https:\\\/\\\/lapeuterne.fr\\\/wp-content\\\/uploads\\\/2026\\\/04\\\/louis-le-pessot-wIlYlBPQolA-unsplash-1.jpg\",\"datePublished\":\"2026-04-05T13:04:33+00:00\",\"dateModified\":\"2026-04-30T22:50:16+00:00\",\"description\":\"Contactez Isabelle et Jean-Marc pour r\u00e9server votre s\u00e9jour \u00e0 La Peuterne, chambre d'h\u00f4tes \u00e9cologique \u00e0 Mouaz\u00e9 en Bretagne.\",\"breadcrumb\":{\"@id\":\"https:\\\/\\\/lapeuterne.fr\\\/en\\\/contact-reservation\\\/#breadcrumb\"},\"inLanguage\":\"en-GB\",\"potentialAction\":[{\"@type\":\"ReadAction\",\"target\":[\"https:\\\/\\\/lapeuterne.fr\\\/en\\\/contact-reservation\\\/\"]}]},{\"@type\":\"ImageObject\",\"inLanguage\":\"en-GB\",\"@id\":\"https:\\\/\\\/lapeuterne.fr\\\/en\\\/contact-reservation\\\/#primaryimage\",\"url\":\"https:\\\/\\\/lapeuterne.fr\\\/wp-content\\\/uploads\\\/2026\\\/04\\\/louis-le-pessot-wIlYlBPQolA-unsplash-1.jpg\",\"contentUrl\":\"https:\\\/\\\/lapeuterne.fr\\\/wp-content\\\/uploads\\\/2026\\\/04\\\/louis-le-pessot-wIlYlBPQolA-unsplash-1.jpg\",\"width\":1920,\"height\":1280},{\"@type\":\"BreadcrumbList\",\"@id\":\"https:\\\/\\\/lapeuterne.fr\\\/en\\\/contact-reservation\\\/#breadcrumb\",\"itemListElement\":[{\"@type\":\"ListItem\",\"position\":1,\"name\":\"Accueil\",\"item\":\"https:\\\/\\\/lapeuterne.fr\\\/\"},{\"@type\":\"ListItem\",\"position\":2,\"name\":\"Contact &#038; R\u00e9servation\"}]},{\"@type\":\"WebSite\",\"@id\":\"https:\\\/\\\/lapeuterne.fr\\\/#website\",\"url\":\"https:\\\/\\\/lapeuterne.fr\\\/\",\"name\":\"La Peuterne - Chambre d'h\u00f4te\",\"description\":\"\",\"publisher\":{\"@id\":\"https:\\\/\\\/lapeuterne.fr\\\/#organization\"},\"potentialAction\":[{\"@type\":\"SearchAction\",\"target\":{\"@type\":\"EntryPoint\",\"urlTemplate\":\"https:\\\/\\\/lapeuterne.fr\\\/?s={search_term_string}\"},\"query-input\":{\"@type\":\"PropertyValueSpecification\",\"valueRequired\":true,\"valueName\":\"search_term_string\"}}],\"inLanguage\":\"en-GB\"},{\"@type\":\"Organization\",\"@id\":\"https:\\\/\\\/lapeuterne.fr\\\/#organization\",\"name\":\"La Peuterne - Chambre d'h\u00f4te\",\"url\":\"https:\\\/\\\/lapeuterne.fr\\\/\",\"logo\":{\"@type\":\"ImageObject\",\"inLanguage\":\"en-GB\",\"@id\":\"https:\\\/\\\/lapeuterne.fr\\\/#\\\/schema\\\/logo\\\/image\\\/\",\"url\":\"https:\\\/\\\/lapeuterne.fr\\\/wp-content\\\/uploads\\\/2026\\\/04\\\/la-peuterne-vert-fonce.svg\",\"contentUrl\":\"https:\\\/\\\/lapeuterne.fr\\\/wp-content\\\/uploads\\\/2026\\\/04\\\/la-peuterne-vert-fonce.svg\",\"width\":180,\"height\":80,\"caption\":\"La Peuterne - Chambre d'h\u00f4te\"},\"image\":{\"@id\":\"https:\\\/\\\/lapeuterne.fr\\\/#\\\/schema\\\/logo\\\/image\\\/\"},\"sameAs\":[\"https:\\\/\\\/www.facebook.com\\\/profile.php?id=100083455444141\",\"https:\\\/\\\/www.instagram.com\\\/lapeuterne35\\\/\"]}]}<\/script>\n<!-- \/ Yoast SEO plugin. -->","yoast_head_json":{"title":"Contact & R\u00e9servation - La Peuterne, chambre d'h\u00f4tes \u00e0 Mouaz\u00e9","description":"Contactez Isabelle et Jean-Marc pour r\u00e9server votre s\u00e9jour \u00e0 La Peuterne, chambre d'h\u00f4tes \u00e9cologique \u00e0 Mouaz\u00e9 en Bretagne.","robots":{"index":"index","follow":"follow","max-snippet":"max-snippet:-1","max-image-preview":"max-image-preview:large","max-video-preview":"max-video-preview:-1"},"canonical":"https:\/\/lapeuterne.fr\/en\/contact-reservation\/","og_locale":"en_GB","og_type":"article","og_title":"Contact & R\u00e9servation - La Peuterne, chambre d'h\u00f4tes \u00e0 Mouaz\u00e9","og_description":"Contactez Isabelle et Jean-Marc pour r\u00e9server votre s\u00e9jour \u00e0 La Peuterne, chambre d'h\u00f4tes \u00e9cologique \u00e0 Mouaz\u00e9 en Bretagne.","og_url":"https:\/\/lapeuterne.fr\/en\/contact-reservation\/","og_site_name":"La Peuterne - Chambre d&#039;h\u00f4te","article_publisher":"https:\/\/www.facebook.com\/profile.php?id=100083455444141","article_modified_time":"2026-04-30T22:50:16+00:00","og_image":[{"width":1920,"height":1280,"url":"https:\/\/lapeuterne.fr\/wp-content\/uploads\/2026\/04\/louis-le-pessot-wIlYlBPQolA-unsplash-1.jpg","type":"image\/jpeg"}],"twitter_card":"summary_large_image","twitter_misc":{"Estimated reading time":"3 minutes"},"schema":{"@context":"https:\/\/schema.org","@graph":[{"@type":"WebPage","@id":"https:\/\/lapeuterne.fr\/en\/contact-reservation\/","url":"https:\/\/lapeuterne.fr\/en\/contact-reservation\/","name":"Contact & R\u00e9servation - La Peuterne, chambre d'h\u00f4tes \u00e0 Mouaz\u00e9","isPartOf":{"@id":"https:\/\/lapeuterne.fr\/#website"},"primaryImageOfPage":{"@id":"https:\/\/lapeuterne.fr\/en\/contact-reservation\/#primaryimage"},"image":{"@id":"https:\/\/lapeuterne.fr\/en\/contact-reservation\/#primaryimage"},"thumbnailUrl":"https:\/\/lapeuterne.fr\/wp-content\/uploads\/2026\/04\/louis-le-pessot-wIlYlBPQolA-unsplash-1.jpg","datePublished":"2026-04-05T13:04:33+00:00","dateModified":"2026-04-30T22:50:16+00:00","description":"Contactez Isabelle et Jean-Marc pour r\u00e9server votre s\u00e9jour \u00e0 La Peuterne, chambre d'h\u00f4tes \u00e9cologique \u00e0 Mouaz\u00e9 en Bretagne.","breadcrumb":{"@id":"https:\/\/lapeuterne.fr\/en\/contact-reservation\/#breadcrumb"},"inLanguage":"en-GB","potentialAction":[{"@type":"ReadAction","target":["https:\/\/lapeuterne.fr\/en\/contact-reservation\/"]}]},{"@type":"ImageObject","inLanguage":"en-GB","@id":"https:\/\/lapeuterne.fr\/en\/contact-reservation\/#primaryimage","url":"https:\/\/lapeuterne.fr\/wp-content\/uploads\/2026\/04\/louis-le-pessot-wIlYlBPQolA-unsplash-1.jpg","contentUrl":"https:\/\/lapeuterne.fr\/wp-content\/uploads\/2026\/04\/louis-le-pessot-wIlYlBPQolA-unsplash-1.jpg","width":1920,"height":1280},{"@type":"BreadcrumbList","@id":"https:\/\/lapeuterne.fr\/en\/contact-reservation\/#breadcrumb","itemListElement":[{"@type":"ListItem","position":1,"name":"Accueil","item":"https:\/\/lapeuterne.fr\/"},{"@type":"ListItem","position":2,"name":"Contact &#038; R\u00e9servation"}]},{"@type":"WebSite","@id":"https:\/\/lapeuterne.fr\/#website","url":"https:\/\/lapeuterne.fr\/","name":"La Peuterne - Chambre d'h\u00f4te","description":"","publisher":{"@id":"https:\/\/lapeuterne.fr\/#organization"},"potentialAction":[{"@type":"SearchAction","target":{"@type":"EntryPoint","urlTemplate":"https:\/\/lapeuterne.fr\/?s={search_term_string}"},"query-input":{"@type":"PropertyValueSpecification","valueRequired":true,"valueName":"search_term_string"}}],"inLanguage":"en-GB"},{"@type":"Organization","@id":"https:\/\/lapeuterne.fr\/#organization","name":"La Peuterne - Chambre d'h\u00f4te","url":"https:\/\/lapeuterne.fr\/","logo":{"@type":"ImageObject","inLanguage":"en-GB","@id":"https:\/\/lapeuterne.fr\/#\/schema\/logo\/image\/","url":"https:\/\/lapeuterne.fr\/wp-content\/uploads\/2026\/04\/la-peuterne-vert-fonce.svg","contentUrl":"https:\/\/lapeuterne.fr\/wp-content\/uploads\/2026\/04\/la-peuterne-vert-fonce.svg","width":180,"height":80,"caption":"La Peuterne - Chambre d'h\u00f4te"},"image":{"@id":"https:\/\/lapeuterne.fr\/#\/schema\/logo\/image\/"},"sameAs":["https:\/\/www.facebook.com\/profile.php?id=100083455444141","https:\/\/www.instagram.com\/lapeuterne35\/"]}]}},"_links":{"self":[{"href":"https:\/\/lapeuterne.fr\/en\/wp-json\/wp\/v2\/pages\/185","targetHints":{"allow":["GET"]}}],"collection":[{"href":"https:\/\/lapeuterne.fr\/en\/wp-json\/wp\/v2\/pages"}],"about":[{"href":"https:\/\/lapeuterne.fr\/en\/wp-json\/wp\/v2\/types\/page"}],"author":[{"embeddable":true,"href":"https:\/\/lapeuterne.fr\/en\/wp-json\/wp\/v2\/users\/1"}],"replies":[{"embeddable":true,"href":"https:\/\/lapeuterne.fr\/en\/wp-json\/wp\/v2\/comments?post=185"}],"version-history":[{"count":45,"href":"https:\/\/lapeuterne.fr\/en\/wp-json\/wp\/v2\/pages\/185\/revisions"}],"predecessor-version":[{"id":854,"href":"https:\/\/lapeuterne.fr\/en\/wp-json\/wp\/v2\/pages\/185\/revisions\/854"}],"wp:featuredmedia":[{"embeddable":true,"href":"https:\/\/lapeuterne.fr\/en\/wp-json\/wp\/v2\/media\/640"}],"wp:attachment":[{"href":"https:\/\/lapeuterne.fr\/en\/wp-json\/wp\/v2\/media?parent=185"}],"curies":[{"name":"wp","href":"https:\/\/api.w.org\/{rel}","templated":true}]}}