{"id":149,"date":"2018-01-23T12:24:15","date_gmt":"2018-01-23T12:24:15","guid":{"rendered":"http:\/\/bridge136.qodeinteractive.com\/?page_id=149"},"modified":"2026-05-01T00:00:34","modified_gmt":"2026-04-30T22:00:34","slug":"la-chambre-les-services","status":"publish","type":"page","link":"https:\/\/lapeuterne.fr\/en\/la-chambre-les-services\/","title":{"rendered":"The room and services"},"content":{"rendered":"<div class=\"wpb-content-wrapper\"><div class=\"vc_row wpb_row section vc_row-fluid  grid_section\" style=' text-align:center;'><div class=\" section_inner clearfix\"><div class='section_inner_margin clearfix'><div class=\"wpb_column vc_column_container vc_col-sm-12 vc_col-lg-offset-2 vc_col-lg-8\"><div class=\"vc_column-inner vc_custom_1516710684527\"><div class=\"wpb_wrapper\"><div class='q_elements_holder one_column responsive_mode_from_768' ><div class='q_elements_item ' data-1280-1440='42px 66px 59px 66px' data-600-768='42px 20px 42px 20px' data-480-600='42px 20px 42px 20px' data-480='42px 20px 42px 20px' data-animation='no' data-item-class='q_elements_holder_custom_521594' style='background-color:#ffffff;'><div class='q_elements_item_inner'><div class='q_elements_item_content q_elements_holder_custom_521594' style='padding:42px 88px 59px 88px'>\n\t<div class=\"wpb_text_column wpb_content_element \">\n\t\t<div class=\"wpb_wrapper\">\n\t\t\t<h1>La chambre &amp; les services<\/h1>\n\n\t\t<\/div>\n\t<\/div>\n\t<div class=\"wpb_text_column wpb_content_element \">\n\t\t<div class=\"wpb_wrapper\">\n\t\t\t<p><span style=\"font-size: 18px;\">Votre chambre &#8211; 55 m\u00b2 de confort dans une ancienne grange bretonne<\/span><\/p>\n\n\t\t<\/div>\n\t<\/div><\/div><\/div><\/div><\/div><\/div><\/div><\/div><\/div><\/div><\/div><section      data-speed=\"1\" class=\"parallax_section_holder  \" style = \" height:px; background-image:url('');\"><div class=\"parallax_content left\"><div class='parallax_section_inner_margin clearfix'><div class=\"wpb_column vc_column_container vc_col-sm-12 vc_col-lg-offset-1 vc_col-lg-10\"><div class=\"vc_column-inner\"><div class=\"wpb_wrapper\"><div class='q_elements_holder two_columns responsive_mode_from_768' ><div class='q_elements_item ' data-1280-1440='83px 20px 0 0' data-1024-1280='83px 20px 0 0' data-768-1024='83px 20px 0 0' data-600-768='20px 0 0 0' data-480-600='20px 0 0 0' data-480='20px 0 0 0' data-animation='no' data-item-class='q_elements_holder_custom_333037' style='vertical-align:top;'><div class='q_elements_item_inner'><div class='q_elements_item_content q_elements_holder_custom_333037' style='padding:83px 20px 0 0'>\n\t<div class=\"wpb_text_column wpb_content_element \">\n\t\t<div class=\"wpb_wrapper\">\n\t\t\t<h2>Bienvenue dans votre cocon !<\/h2>\n<p>Am\u00e9nag\u00e9e \u00e0 l&rsquo;\u00e9tage d&rsquo;une ancienne grange aux poutres apparentes, la chambre de 55\u00a0m\u00b2 b\u00e9n\u00e9ficie d&rsquo;une entr\u00e9e ind\u00e9pendante et d&rsquo;une vue apaisante sur le jardin.<\/p>\n<p>Vous y trouverez tout ce dont vous avez besoin pour vous sentir vraiment chez vous\u00a0:<\/p>\n<ul>\n<li>un grand lit de 160 cm et deux lits de 90 cm pour accueillir toute la famille,<\/li>\n<li>un coin salon avec canap\u00e9 et biblioth\u00e8que pour les moments de d\u00e9tente,<\/li>\n<li>un bureau pour travailler au calme,<\/li>\n<li>une table avec son plateau de courtoisie,<\/li>\n<li>un acc\u00e8s Internet.<\/li>\n<\/ul>\n\n\t\t<\/div>\n\t<\/div><div class=\"vc_empty_space\"  style=\"height: 32px\" >\n\t<span class=\"vc_empty_space_inner\">\n\t\t<span class=\"empty_space_image\"  ><\/span>\n\t<\/span>\n<\/div><\/div><\/div><\/div><div class='q_elements_item ' data-1280-1440='83px 0 50px 0' data-1024-1280='83px 0 50px 0' data-768-1024='83px 0 50px 0' data-600-768='20px 0 20px 0' data-480-600='20px 0 20px 0' data-480='20px 0 20px 0' data-animation='no' data-item-class='q_elements_holder_custom_523606'><div class='q_elements_item_inner'><div class='q_elements_item_content q_elements_holder_custom_523606' style='padding:83px 0 50px 0'><div class=\"qode-advanced-image-gallery  qode-aig-slider-type qode-large-space  qode-image-behavior-lightbox \">\n\t<div class=\"qode-aig-slider qode-owl-slider\" data-number-of-items=\"1\" data-enable-loop=\"no\" data-enable-autoplay=\"no\" data-slider-speed=\"5000\" data-slider-speed-animation=\"600\" data-slider-padding=\"no\" data-enable-navigation=\"yes\" data-enable-pagination=\"yes\">\n\t\t\t\t\t<div class=\"qode-aig-image\">\n\t\t\t\t\t\t\t\t\t<a itemprop=\"image\" class=\"qode-aig-lightbox qode-block-drag-link\" href=\"https:\/\/lapeuterne.fr\/wp-content\/uploads\/2026\/04\/chambre-la-peuterne.jpg\" data-rel=\"prettyPhoto[image_gallery_pretty_photo-992]\" title=\"Chambre &#8211; La Peuterne\">\n\t\t\t\t\t\t\t\t\t\t\t<img loading=\"lazy\" decoding=\"async\" width=\"300\" height=\"200\" src=\"https:\/\/lapeuterne.fr\/wp-content\/uploads\/2026\/04\/chambre-la-peuterne-300x200.jpg\" class=\"attachment-medium size-medium\" alt=\"Chambre - La Peuterne\" srcset=\"https:\/\/lapeuterne.fr\/wp-content\/uploads\/2026\/04\/chambre-la-peuterne-300x200.jpg 300w, https:\/\/lapeuterne.fr\/wp-content\/uploads\/2026\/04\/chambre-la-peuterne-1024x683.jpg 1024w, https:\/\/lapeuterne.fr\/wp-content\/uploads\/2026\/04\/chambre-la-peuterne-768x512.jpg 768w, https:\/\/lapeuterne.fr\/wp-content\/uploads\/2026\/04\/chambre-la-peuterne-1536x1024.jpg 1536w, https:\/\/lapeuterne.fr\/wp-content\/uploads\/2026\/04\/chambre-la-peuterne-700x467.jpg 700w, https:\/\/lapeuterne.fr\/wp-content\/uploads\/2026\/04\/chambre-la-peuterne.jpg 1920w\" sizes=\"auto, (max-width: 300px) 100vw, 300px\" \/>\t\t\t\t\t<span class=\"aig-gallery-hover\">\n\t\t\t\t\t\t\t\t\t\t\t\t\t<span class=\"icon-arrows-plus\"><\/span> \n\t\t\t\t\t\t\t\t\t\t\t<\/span>\n\t\t\t\t\t\t\t\t\t<\/a>\n\t\t\t\t\t\t\t<\/div>\n\t\t\t\t\t\t\t\t<div class=\"qode-aig-image\">\n\t\t\t\t\t\t\t\t\t<a itemprop=\"image\" class=\"qode-aig-lightbox qode-block-drag-link\" href=\"https:\/\/lapeuterne.fr\/wp-content\/uploads\/2026\/04\/chambre-la-peuterne-3.jpg\" data-rel=\"prettyPhoto[image_gallery_pretty_photo-992]\" title=\"Chambre &#8211; La Peuterne\">\n\t\t\t\t\t\t\t\t\t\t\t<img loading=\"lazy\" decoding=\"async\" width=\"300\" height=\"200\" src=\"https:\/\/lapeuterne.fr\/wp-content\/uploads\/2026\/04\/chambre-la-peuterne-3-300x200.jpg\" class=\"attachment-medium size-medium\" alt=\"Chambre - La Peuterne\" srcset=\"https:\/\/lapeuterne.fr\/wp-content\/uploads\/2026\/04\/chambre-la-peuterne-3-300x200.jpg 300w, https:\/\/lapeuterne.fr\/wp-content\/uploads\/2026\/04\/chambre-la-peuterne-3-1024x683.jpg 1024w, https:\/\/lapeuterne.fr\/wp-content\/uploads\/2026\/04\/chambre-la-peuterne-3-768x512.jpg 768w, https:\/\/lapeuterne.fr\/wp-content\/uploads\/2026\/04\/chambre-la-peuterne-3-1536x1024.jpg 1536w, https:\/\/lapeuterne.fr\/wp-content\/uploads\/2026\/04\/chambre-la-peuterne-3-700x467.jpg 700w, https:\/\/lapeuterne.fr\/wp-content\/uploads\/2026\/04\/chambre-la-peuterne-3.jpg 1920w\" sizes=\"auto, (max-width: 300px) 100vw, 300px\" \/>\t\t\t\t\t<span class=\"aig-gallery-hover\">\n\t\t\t\t\t\t\t\t\t\t\t\t\t<span class=\"icon-arrows-plus\"><\/span> \n\t\t\t\t\t\t\t\t\t\t\t<\/span>\n\t\t\t\t\t\t\t\t\t<\/a>\n\t\t\t\t\t\t\t<\/div>\n\t\t\t\t\t\t\t\t<div class=\"qode-aig-image\">\n\t\t\t\t\t\t\t\t\t<a itemprop=\"image\" class=\"qode-aig-lightbox qode-block-drag-link\" href=\"https:\/\/lapeuterne.fr\/wp-content\/uploads\/2026\/04\/chambre-la-peuterne-2.jpg\" data-rel=\"prettyPhoto[image_gallery_pretty_photo-992]\" title=\"Chambre &#8211; La Peuterne\">\n\t\t\t\t\t\t\t\t\t\t\t<img loading=\"lazy\" decoding=\"async\" width=\"300\" height=\"200\" src=\"https:\/\/lapeuterne.fr\/wp-content\/uploads\/2026\/04\/chambre-la-peuterne-2-300x200.jpg\" class=\"attachment-medium size-medium\" alt=\"Chambre - La Peuterne\" srcset=\"https:\/\/lapeuterne.fr\/wp-content\/uploads\/2026\/04\/chambre-la-peuterne-2-300x200.jpg 300w, https:\/\/lapeuterne.fr\/wp-content\/uploads\/2026\/04\/chambre-la-peuterne-2-1024x683.jpg 1024w, https:\/\/lapeuterne.fr\/wp-content\/uploads\/2026\/04\/chambre-la-peuterne-2-768x512.jpg 768w, https:\/\/lapeuterne.fr\/wp-content\/uploads\/2026\/04\/chambre-la-peuterne-2-1536x1024.jpg 1536w, https:\/\/lapeuterne.fr\/wp-content\/uploads\/2026\/04\/chambre-la-peuterne-2-700x467.jpg 700w, https:\/\/lapeuterne.fr\/wp-content\/uploads\/2026\/04\/chambre-la-peuterne-2.jpg 1920w\" sizes=\"auto, (max-width: 300px) 100vw, 300px\" \/>\t\t\t\t\t<span class=\"aig-gallery-hover\">\n\t\t\t\t\t\t\t\t\t\t\t\t\t<span class=\"icon-arrows-plus\"><\/span> \n\t\t\t\t\t\t\t\t\t\t\t<\/span>\n\t\t\t\t\t\t\t\t\t<\/a>\n\t\t\t\t\t\t\t<\/div>\n\t\t\t\t\t\t\t\t<div class=\"qode-aig-image\">\n\t\t\t\t\t\t\t\t\t<a itemprop=\"image\" class=\"qode-aig-lightbox qode-block-drag-link\" href=\"https:\/\/lapeuterne.fr\/wp-content\/uploads\/2026\/04\/chambre-la-peuterne-5.jpg\" data-rel=\"prettyPhoto[image_gallery_pretty_photo-992]\" title=\"chambre-la-peuterne-5\">\n\t\t\t\t\t\t\t\t\t\t\t<img loading=\"lazy\" decoding=\"async\" width=\"300\" height=\"200\" src=\"https:\/\/lapeuterne.fr\/wp-content\/uploads\/2026\/04\/chambre-la-peuterne-5-300x200.jpg\" class=\"attachment-medium size-medium\" alt=\"\" srcset=\"https:\/\/lapeuterne.fr\/wp-content\/uploads\/2026\/04\/chambre-la-peuterne-5-300x200.jpg 300w, https:\/\/lapeuterne.fr\/wp-content\/uploads\/2026\/04\/chambre-la-peuterne-5-1024x683.jpg 1024w, https:\/\/lapeuterne.fr\/wp-content\/uploads\/2026\/04\/chambre-la-peuterne-5-768x512.jpg 768w, https:\/\/lapeuterne.fr\/wp-content\/uploads\/2026\/04\/chambre-la-peuterne-5-1536x1024.jpg 1536w, https:\/\/lapeuterne.fr\/wp-content\/uploads\/2026\/04\/chambre-la-peuterne-5-700x467.jpg 700w, https:\/\/lapeuterne.fr\/wp-content\/uploads\/2026\/04\/chambre-la-peuterne-5.jpg 1920w\" sizes=\"auto, (max-width: 300px) 100vw, 300px\" \/>\t\t\t\t\t<span class=\"aig-gallery-hover\">\n\t\t\t\t\t\t\t\t\t\t\t\t\t<span class=\"icon-arrows-plus\"><\/span> \n\t\t\t\t\t\t\t\t\t\t\t<\/span>\n\t\t\t\t\t\t\t\t\t<\/a>\n\t\t\t\t\t\t\t<\/div>\n\t\t\t\t\t\t<\/div>\n<\/div><\/div><\/div><\/div><\/div><div class=\"vc_empty_space\"  style=\"height: 30px\" >\n\t<span class=\"vc_empty_space_inner\">\n\t\t<span class=\"empty_space_image\"  ><\/span>\n\t<\/span>\n<\/div><\/div><\/div><\/div><\/div><\/div><\/section><div      class=\"vc_row wpb_row section vc_row-fluid  vc_custom_1776386249593 grid_section\" style='background-color:#FFFDF7; text-align:left;'><svg class=\"angled-section svg-top\" preserveAspectRatio=\"none\" viewBox=\"0 0 86 86\" width=\"100%\" height=\"86\"><polygon points=\"0,86 86,0 86,86\" style=\"fill:#FFFDF7;\" \/><\/svg><div class=\" section_inner clearfix\"><div class='section_inner_margin clearfix'><div class=\"wpb_column vc_column_container vc_col-sm-12 vc_col-lg-offset-1 vc_col-lg-10\"><div class=\"vc_column-inner\"><div class=\"wpb_wrapper\"><div class='q_elements_holder two_columns responsive_mode_from_768' ><div class='q_elements_item ' data-1280-1440='30px 0 0 0' data-1024-1280='30px 0 0 0' data-768-1024='30px 0 0 0' data-600-768='30px 0 0 0' data-480-600='30px 0 0 0' data-480='30px 0 0 0' data-animation='no' data-item-class='q_elements_holder_custom_487605' style='vertical-align:top;'><div class='q_elements_item_inner'><div class='q_elements_item_content q_elements_holder_custom_487605' style='padding:30px 0 0 0'><div class=\"qode-advanced-image-gallery  qode-aig-slider-type qode-large-space  qode-image-behavior-lightbox \">\n\t<div class=\"qode-aig-slider qode-owl-slider\" data-number-of-items=\"1\" data-enable-loop=\"no\" data-enable-autoplay=\"no\" data-slider-speed=\"5000\" data-slider-speed-animation=\"600\" data-slider-padding=\"no\" data-enable-navigation=\"yes\" data-enable-pagination=\"yes\">\n\t\t\t\t\t<div class=\"qode-aig-image\">\n\t\t\t\t\t\t\t\t\t<a itemprop=\"image\" class=\"qode-aig-lightbox qode-block-drag-link\" href=\"https:\/\/lapeuterne.fr\/wp-content\/uploads\/2026\/04\/la-peuterne-salle-de-bain.jpg\" data-rel=\"prettyPhoto[image_gallery_pretty_photo-323]\" title=\"Salle de bain &#8211; La Peuterne\">\n\t\t\t\t\t\t\t\t\t\t\t<img loading=\"lazy\" decoding=\"async\" width=\"300\" height=\"200\" src=\"https:\/\/lapeuterne.fr\/wp-content\/uploads\/2026\/04\/la-peuterne-salle-de-bain-300x200.jpg\" class=\"attachment-medium size-medium\" alt=\"Salle de bain\" srcset=\"https:\/\/lapeuterne.fr\/wp-content\/uploads\/2026\/04\/la-peuterne-salle-de-bain-300x200.jpg 300w, https:\/\/lapeuterne.fr\/wp-content\/uploads\/2026\/04\/la-peuterne-salle-de-bain-1024x683.jpg 1024w, https:\/\/lapeuterne.fr\/wp-content\/uploads\/2026\/04\/la-peuterne-salle-de-bain-768x512.jpg 768w, https:\/\/lapeuterne.fr\/wp-content\/uploads\/2026\/04\/la-peuterne-salle-de-bain-1536x1024.jpg 1536w, https:\/\/lapeuterne.fr\/wp-content\/uploads\/2026\/04\/la-peuterne-salle-de-bain-700x467.jpg 700w, https:\/\/lapeuterne.fr\/wp-content\/uploads\/2026\/04\/la-peuterne-salle-de-bain.jpg 1920w\" sizes=\"auto, (max-width: 300px) 100vw, 300px\" \/>\t\t\t\t\t<span class=\"aig-gallery-hover\">\n\t\t\t\t\t\t\t\t\t\t\t\t\t<span class=\"icon-arrows-plus\"><\/span> \n\t\t\t\t\t\t\t\t\t\t\t<\/span>\n\t\t\t\t\t\t\t\t\t<\/a>\n\t\t\t\t\t\t\t<\/div>\n\t\t\t\t\t\t\t\t<div class=\"qode-aig-image\">\n\t\t\t\t\t\t\t\t\t<a itemprop=\"image\" class=\"qode-aig-lightbox qode-block-drag-link\" href=\"https:\/\/lapeuterne.fr\/wp-content\/uploads\/2026\/04\/la-peuterne-salle-de-bain-2.jpg\" data-rel=\"prettyPhoto[image_gallery_pretty_photo-323]\" title=\"Salle de bain &#8211; La Peuterne\">\n\t\t\t\t\t\t\t\t\t\t\t<img loading=\"lazy\" decoding=\"async\" width=\"300\" height=\"200\" src=\"https:\/\/lapeuterne.fr\/wp-content\/uploads\/2026\/04\/la-peuterne-salle-de-bain-2-300x200.jpg\" class=\"attachment-medium size-medium\" alt=\"Salle de bain\" srcset=\"https:\/\/lapeuterne.fr\/wp-content\/uploads\/2026\/04\/la-peuterne-salle-de-bain-2-300x200.jpg 300w, https:\/\/lapeuterne.fr\/wp-content\/uploads\/2026\/04\/la-peuterne-salle-de-bain-2-1024x683.jpg 1024w, https:\/\/lapeuterne.fr\/wp-content\/uploads\/2026\/04\/la-peuterne-salle-de-bain-2-768x512.jpg 768w, https:\/\/lapeuterne.fr\/wp-content\/uploads\/2026\/04\/la-peuterne-salle-de-bain-2-1536x1024.jpg 1536w, https:\/\/lapeuterne.fr\/wp-content\/uploads\/2026\/04\/la-peuterne-salle-de-bain-2-700x467.jpg 700w, https:\/\/lapeuterne.fr\/wp-content\/uploads\/2026\/04\/la-peuterne-salle-de-bain-2.jpg 1920w\" sizes=\"auto, (max-width: 300px) 100vw, 300px\" \/>\t\t\t\t\t<span class=\"aig-gallery-hover\">\n\t\t\t\t\t\t\t\t\t\t\t\t\t<span class=\"icon-arrows-plus\"><\/span> \n\t\t\t\t\t\t\t\t\t\t\t<\/span>\n\t\t\t\t\t\t\t\t\t<\/a>\n\t\t\t\t\t\t\t<\/div>\n\t\t\t\t\t\t\t\t<div class=\"qode-aig-image\">\n\t\t\t\t\t\t\t\t\t<a itemprop=\"image\" class=\"qode-aig-lightbox qode-block-drag-link\" href=\"https:\/\/lapeuterne.fr\/wp-content\/uploads\/2026\/04\/savons.jpg\" data-rel=\"prettyPhoto[image_gallery_pretty_photo-323]\" title=\"Salle de bain &#8211; La Peuterne\">\n\t\t\t\t\t\t\t\t\t\t\t<img loading=\"lazy\" decoding=\"async\" width=\"300\" height=\"200\" src=\"https:\/\/lapeuterne.fr\/wp-content\/uploads\/2026\/04\/savons-300x200.jpg\" class=\"attachment-medium size-medium\" alt=\"Salle de bain\" srcset=\"https:\/\/lapeuterne.fr\/wp-content\/uploads\/2026\/04\/savons-300x200.jpg 300w, https:\/\/lapeuterne.fr\/wp-content\/uploads\/2026\/04\/savons-1024x683.jpg 1024w, https:\/\/lapeuterne.fr\/wp-content\/uploads\/2026\/04\/savons-768x512.jpg 768w, https:\/\/lapeuterne.fr\/wp-content\/uploads\/2026\/04\/savons-1536x1024.jpg 1536w, https:\/\/lapeuterne.fr\/wp-content\/uploads\/2026\/04\/savons-700x467.jpg 700w, https:\/\/lapeuterne.fr\/wp-content\/uploads\/2026\/04\/savons.jpg 1920w\" sizes=\"auto, (max-width: 300px) 100vw, 300px\" \/>\t\t\t\t\t<span class=\"aig-gallery-hover\">\n\t\t\t\t\t\t\t\t\t\t\t\t\t<span class=\"icon-arrows-plus\"><\/span> \n\t\t\t\t\t\t\t\t\t\t\t<\/span>\n\t\t\t\t\t\t\t\t\t<\/a>\n\t\t\t\t\t\t\t<\/div>\n\t\t\t\t\t\t<\/div>\n<\/div><\/div><\/div><\/div><div class='q_elements_item ' data-1280-1440='30px 0 0 40px' data-1024-1280='30px 0 0 40px' data-768-1024='30px 0 0 40px' data-600-768='30px 0 0 0' data-480-600='30px 0 0 0' data-480='30px 0 0 0' data-animation='no' data-item-class='q_elements_holder_custom_687920' style='vertical-align:top;'><div class='q_elements_item_inner'><div class='q_elements_item_content q_elements_holder_custom_687920' style='padding:30px 0 0 40px'>\n\t<div class=\"wpb_text_column wpb_content_element \">\n\t\t<div class=\"wpb_wrapper\">\n\t\t\t<h2>La salle d&rsquo;eau<\/h2>\n<p>Attenante \u00e0 la chambre, la salle d&rsquo;eau lumineuse (avec fen\u00eatre) dispose de deux vasques en c\u00e9ramique, d&rsquo;une grande douche et de toilettes s\u00e9par\u00e9es par une cloison.<\/p>\n<p>Pour votre bien-\u00eatre, nous mettons \u00e0 votre disposition peignoirs, draps de bain, s\u00e8che-cheveux, savons et shampoing biologiques. Parce que les petites attentions font les grands s\u00e9jours.<\/p>\n\n\t\t<\/div>\n\t<\/div><div class=\"vc_empty_space\"  style=\"height: 32px\" >\n\t<span class=\"vc_empty_space_inner\">\n\t\t<span class=\"empty_space_image\"  ><\/span>\n\t<\/span>\n<\/div><\/div><\/div><\/div><\/div><\/div><\/div><\/div><\/div><\/div><svg class=\"angled-section svg-bottom\" preserveAspectRatio=\"none\" viewBox=\"0 0 86 86\" width=\"100%\" height=\"86\"><polygon points=\"0,0 0,86 86,0\" style=\"fill:#FFFDF7;\" \/><\/svg><\/div><div      class=\"vc_row wpb_row section vc_row-fluid  text-blanc vc_custom_1776538070679\" style='background-color:#0D4F54; text-align:left;'><div class=\" full_section_inner clearfix\"><div class=\"wpb_column vc_column_container vc_col-sm-12\"><div class=\"vc_column-inner vc_custom_1776537730798\"><div class=\"wpb_wrapper\"><div class=\"vc_empty_space\"  style=\"height: 32px\" >\n\t<span class=\"vc_empty_space_inner\">\n\t\t<span class=\"empty_space_image\"  ><\/span>\n\t<\/span>\n<\/div><div      class=\"vc_row wpb_row section vc_row-fluid vc_inner  grid_section\" style=' text-align:left;'><div class=\" section_inner clearfix\"><div class='section_inner_margin clearfix'><div class=\"wpb_column vc_column_container vc_col-sm-6\"><div class=\"vc_column-inner\"><div class=\"wpb_wrapper\">\n\t<div class=\"wpb_text_column wpb_content_element \">\n\t\t<div class=\"wpb_wrapper\">\n\t\t\t<h2>Les services inclus et disponibles :<\/h2>\n<ul>\n<li>parking dans la cour,<\/li>\n<li>garage ferm\u00e9 et s\u00e9curis\u00e9 pour les v\u00e9los,<\/li>\n<li>recharge pour v\u00e9los \u00e9lectriques,<\/li>\n<li>piscine,<\/li>\n<li>table de ping-pong, palets bretons, molkky, quilles\u2026<\/li>\n<\/ul>\n\n\t\t<\/div>\n\t<\/div><\/div><\/div><\/div><div class=\"wpb_column vc_column_container vc_col-sm-6\"><div class=\"vc_column-inner\"><div class=\"wpb_wrapper\">\n\t<div class=\"wpb_text_column wpb_content_element \">\n\t\t<div class=\"wpb_wrapper\">\n\t\t\t<ul>\n<li>transats,<\/li>\n<li>documentation touristique sur la r\u00e9gion,<\/li>\n<li>biblioth\u00e8que et piano,<\/li>\n<li>mat\u00e9riel b\u00e9b\u00e9 complet : lit, baignoire, chaise haute, matelas \u00e0 langer.<\/li>\n<\/ul>\n<p><em>Les animaux domestiques ne sont pas autoris\u00e9s.<\/em><\/p>\n\n\t\t<\/div>\n\t<\/div><\/div><\/div><\/div><\/div><\/div><\/div><\/div><\/div><\/div><\/div><svg class=\"angled-section svg-bottom\" preserveAspectRatio=\"none\" viewBox=\"0 0 86 86\" width=\"100%\" height=\"86\"><polygon points=\"0,0 0,86 86,0\" style=\"fill:#0D4F54;\" \/><\/svg><\/div><div      class=\"vc_row wpb_row section vc_row-fluid  vc_custom_1776538362342\" style=' padding-top:90px; text-align:left;'><div class=\" full_section_inner clearfix\"><div class=\"wpb_column vc_column_container vc_col-sm-12\"><div class=\"vc_column-inner\"><div class=\"wpb_wrapper\"><div      class=\"vc_row wpb_row section vc_row-fluid vc_inner  grid_section\" style=' text-align:left;'><div class=\" section_inner clearfix\"><div class='section_inner_margin clearfix'><div class=\"wpb_column vc_column_container vc_col-sm-12\"><div class=\"vc_column-inner\"><div class=\"wpb_wrapper\">\n\t<div class=\"wpb_text_column wpb_content_element \">\n\t\t<div class=\"wpb_wrapper\">\n\t\t\t<h2>Des prestations pens\u00e9es pour rendre votre s\u00e9jour inoubliable<\/h2>\n<p>Chez nous, on aime que vous vous sentiez choy\u00e9s. De votre premier caf\u00e9 du matin \u00e0 votre d\u00eener en notre compagnie, chaque prestation est pens\u00e9e pour prolonger le plaisir.<\/p>\n<p><em><strong>R\u00e9gimes alimentaires et allergies :<\/strong> merci de nous en informer \u00e0 la r\u00e9servation, nous nous adaptons volontiers. Un menu enfant (pour les moins de 6 ans) peut \u00e9galement \u00eatre \u00e9labor\u00e9 sur demande.<\/em><\/p>\n\n\t\t<\/div>\n\t<\/div><\/div><\/div><\/div><\/div><\/div><\/div><div class=\"vc_empty_space\"  style=\"height: 32px\" >\n\t<span class=\"vc_empty_space_inner\">\n\t\t<span class=\"empty_space_image\"  ><\/span>\n\t<\/span>\n<\/div><div      class=\"vc_row wpb_row section vc_row-fluid vc_inner  vc_custom_1776538541077 grid_section\" style='background-color:#FFFFFF; text-align:left;'><div class=\" section_inner clearfix\"><div class='section_inner_margin clearfix'><div class=\"wpb_column vc_column_container vc_col-sm-3\"><div class=\"vc_column-inner\"><div class=\"wpb_wrapper\"><div class=\"image_with_text\"><img decoding=\"async\" itemprop=\"image\" src=\"https:\/\/lapeuterne.fr\/wp-content\/uploads\/2026\/04\/la-peuterne-petit-dejeuner-3.jpg\" alt=\"Le petit d\u00e9jeuner : un repas comme \u00e0 la maison\" \/><h3  class=\"image_with_text_title\">Le petit d\u00e9jeuner : un repas comme \u00e0 la maison<\/h3><span style=\"margin: 6px 0px;\" class=\"separator transparent\"><\/span>Servi chaque matin de 8h \u00e0 10h dans la salle \u00e0 manger (avec sa belle chemin\u00e9e !) ou sur la terrasse quand le soleil est au rendez-vous, le petit d\u00e9jeuner est un vrai moment gourmand.<\/p>\n<p>Au menu : th\u00e9, caf\u00e9, chocolat ou infusion au choix, accompagn\u00e9s d&rsquo;une orange press\u00e9e, d&rsquo;un yaourt maison, de pain frais, de viennoiseries ou d&rsquo;\u0153ufs brouill\u00e9s, de g\u00e2teaux maison et de confitures maison.<\/p>\n<p><strong><em>Besoin de d\u00e9marrer t\u00f4t ? Sur simple demande, nous pouvons le servir avant 8h.<\/em><\/strong><\/div><div class=\"vc_empty_space\"  style=\"height: 22px\" >\n\t<span class=\"vc_empty_space_inner\">\n\t\t<span class=\"empty_space_image\"  ><\/span>\n\t<\/span>\n<\/div><\/div><\/div><\/div><div class=\"wpb_column vc_column_container vc_col-sm-3\"><div class=\"vc_column-inner\"><div class=\"wpb_wrapper\"><div class=\"image_with_text\"><img decoding=\"async\" itemprop=\"image\" src=\"https:\/\/lapeuterne.fr\/wp-content\/uploads\/2026\/04\/la-peuterne-salle-a-manger.jpg\" alt=\"La table d&#039;h\u00f4tes : les saveurs de la Bretagne \u00e0 votre table\" \/><h3  class=\"image_with_text_title\">La table d'h\u00f4tes : les saveurs de la Bretagne \u00e0 votre table<\/h3><span style=\"margin: 6px 0px;\" class=\"separator transparent\"><\/span>Le soir, attablez-vous avec nous pour un repas compos\u00e9 de produits locaux et de saison, servi dans une belle vaisselle \u00e0 partir de 20h. Un moment de convivialit\u00e9 par excellence.<\/p>\n<p>Le menu du soir comprend une entr\u00e9e, un plat principal et un dessert, accompagn\u00e9s d&rsquo;un vin choisi pour sublimer les saveurs. Le fromage est disponible en suppl\u00e9ment.<\/p>\n<p>En fin de repas, caf\u00e9 ou tisane sont propos\u00e9s pour prolonger la douceur du moment.<\/div><div class=\"vc_empty_space\"  style=\"height: 22px\" >\n\t<span class=\"vc_empty_space_inner\">\n\t\t<span class=\"empty_space_image\"  ><\/span>\n\t<\/span>\n<\/div><\/div><\/div><\/div><div class=\"wpb_column vc_column_container vc_col-sm-3\"><div class=\"vc_column-inner\"><div class=\"wpb_wrapper\"><div class=\"image_with_text\"><img decoding=\"async\" itemprop=\"image\" src=\"https:\/\/lapeuterne.fr\/wp-content\/uploads\/2026\/04\/dejeuner-tarte.jpg\" alt=\"L&#039;atelier cuisine : p\u00e9trissez des souvenirs\" \/><h3  class=\"image_with_text_title\">L'atelier cuisine : p\u00e9trissez des souvenirs<\/h3><span style=\"margin: 6px 0px;\" class=\"separator transparent\"><\/span>Envie de repartir avec une vraie recette bretonne dans vos bagages ? Participez \u00e0 notre atelier palets bretons, sur r\u00e9servation.<\/p>\n<p><strong>10 \u20ac par personne.<\/strong><\/div><div class=\"vc_empty_space\"  style=\"height: 22px\" >\n\t<span class=\"vc_empty_space_inner\">\n\t\t<span class=\"empty_space_image\"  ><\/span>\n\t<\/span>\n<\/div><\/div><\/div><\/div><div class=\"wpb_column vc_column_container vc_col-sm-3\"><div class=\"vc_column-inner\"><div class=\"wpb_wrapper\"><div class=\"image_with_text\"><img decoding=\"async\" itemprop=\"image\" src=\"https:\/\/lapeuterne.fr\/wp-content\/uploads\/2026\/04\/liana-mikah-BEcLndr0gqA-unsplash.jpg\" alt=\"Le panier pique-nique : pour les aventuriers du quotidien\" \/><h3  class=\"image_with_text_title\">Le panier pique-nique : pour les aventuriers du quotidien<\/h3><span style=\"margin: 6px 0px;\" class=\"separator transparent\"><\/span>Cyclotouristes ou randonneurs, nous pouvons vous pr\u00e9parer un panier pique-nique savoureux : sandwich, \u0153uf dur, fruits ou compote. \u00c0 r\u00e9server \u00e0 l&rsquo;avance.<\/p>\n<p><strong>12 \u20ac par personne.<\/strong><\/div><div class=\"vc_empty_space\"  style=\"height: 22px\" >\n\t<span class=\"vc_empty_space_inner\">\n\t\t<span class=\"empty_space_image\"  ><\/span>\n\t<\/span>\n<\/div><\/div><\/div><\/div><\/div><\/div><\/div>\n\t<div class=\"wpb_single_image wpb_content_element vc_align_left\">\n\t\t<div class=\"wpb_wrapper\">\n\t\t\t\n\t\t\t<div class=\"vc_single_image-wrapper   vc_box_border_grey\"><img loading=\"lazy\" decoding=\"async\" width=\"1920\" height=\"1009\" src=\"https:\/\/lapeuterne.fr\/wp-content\/uploads\/2026\/04\/la-peuterne-fond.jpg\" class=\"vc_single_image-img attachment-full\" alt=\"\" title=\"La Peuterne\" srcset=\"https:\/\/lapeuterne.fr\/wp-content\/uploads\/2026\/04\/la-peuterne-fond.jpg 1920w, https:\/\/lapeuterne.fr\/wp-content\/uploads\/2026\/04\/la-peuterne-fond-300x158.jpg 300w, https:\/\/lapeuterne.fr\/wp-content\/uploads\/2026\/04\/la-peuterne-fond-1024x538.jpg 1024w, https:\/\/lapeuterne.fr\/wp-content\/uploads\/2026\/04\/la-peuterne-fond-768x404.jpg 768w, https:\/\/lapeuterne.fr\/wp-content\/uploads\/2026\/04\/la-peuterne-fond-1536x807.jpg 1536w, https:\/\/lapeuterne.fr\/wp-content\/uploads\/2026\/04\/la-peuterne-fond-700x368.jpg 700w\" sizes=\"auto, (max-width: 1920px) 100vw, 1920px\" \/><\/div>\n\t\t<\/div>\n\t<\/div>\n<\/div><\/div><\/div><\/div><\/div><div      class=\"vc_row wpb_row section vc_row-fluid  vc_custom_1516791448209 grid_section\" style=' text-align:left;'><div class=\" section_inner clearfix\"><div class='section_inner_margin clearfix'><div class=\"wpb_column vc_column_container vc_col-sm-12 vc_col-lg-7 vc_col-md-7\"><div class=\"vc_column-inner vc_custom_1516708750681\"><div class=\"wpb_wrapper\"><div class='q_elements_holder one_column responsive_mode_from_768' ><div class='q_elements_item ' data-480='40px 43px 17px' data-animation='no' data-item-class='q_elements_holder_custom_617173' style='background-color:#ffffff;'><div class='q_elements_item_inner'><div class='q_elements_item_content q_elements_holder_custom_617173' style='padding:40px 61px 17px'>\n\t<div class=\"wpb_text_column wpb_content_element \">\n\t\t<div class=\"wpb_wrapper\">\n\t\t\t<h2>Une envie de s\u00e9journer \u00e0 La Peuterne ? On attend votre message avec plaisir !<\/h2>\n\n\t\t<\/div>\n\t<\/div><div class=\"vc_empty_space\"  style=\"height: 26px\" >\n\t<span class=\"vc_empty_space_inner\">\n\t\t<span class=\"empty_space_image\"  ><\/span>\n\t<\/span>\n<\/div>\n\t<div class=\"wpb_text_column wpb_content_element \">\n\t\t<div class=\"wpb_wrapper\">\n\t\t\t<p><span style=\"font-size: 18px;\">Pour toute question ou pour r\u00e9server votre s\u00e9jour \u00e0 La Peuterne, n\u2019h\u00e9sitez pas \u00e0 nous contacter directement. Isabelle et Jean-Marc sont l\u00e0 pour vous accueillir et vous r\u00e9pondre dans les meilleurs d\u00e9lais.<\/span><\/p>\n\n\t\t<\/div>\n\t<\/div><div class=\"vc_empty_space\"  style=\"height: 34px\" >\n\t<span class=\"vc_empty_space_inner\">\n\t\t<span class=\"empty_space_image\"  ><\/span>\n\t<\/span>\n<\/div>\n<div class=\"wpcf7 no-js\" id=\"wpcf7-f94-o1\" lang=\"en-US\" dir=\"ltr\" data-wpcf7-id=\"94\">\n<div class=\"screen-reader-response\"><p role=\"status\" aria-live=\"polite\" aria-atomic=\"true\"><\/p> <ul><\/ul><\/div>\n<form action=\"\/en\/wp-json\/wp\/v2\/pages\/149#wpcf7-f94-o1\" method=\"post\" class=\"wpcf7-form init cf7_custom_style_1\" aria-label=\"Contact form\" novalidate=\"novalidate\" data-status=\"init\">\n<fieldset class=\"hidden-fields-container\"><input type=\"hidden\" name=\"_wpcf7\" value=\"94\" \/><input type=\"hidden\" name=\"_wpcf7_version\" value=\"6.1.5\" \/><input type=\"hidden\" name=\"_wpcf7_locale\" value=\"en_US\" \/><input type=\"hidden\" name=\"_wpcf7_unit_tag\" value=\"wpcf7-f94-o1\" \/><input type=\"hidden\" name=\"_wpcf7_container_post\" value=\"0\" \/><input type=\"hidden\" name=\"_wpcf7_posted_data_hash\" value=\"\" \/>\n<\/fieldset>\n<div>\n\t<p><span class=\"wpcf7-form-control-wrap\" data-name=\"text-322\"><input size=\"40\" maxlength=\"400\" class=\"wpcf7-form-control wpcf7-text wpcf7-validates-as-required\" aria-required=\"true\" aria-invalid=\"false\" placeholder=\"Votre pr\u00e9nom et nom...\" value=\"\" type=\"text\" name=\"text-322\" \/><\/span>\n\t<\/p>\n<\/div>\n<div>\n\t<p><span class=\"wpcf7-form-control-wrap\" data-name=\"text-322\"><input size=\"40\" maxlength=\"400\" class=\"wpcf7-form-control wpcf7-text wpcf7-validates-as-required\" aria-required=\"true\" aria-invalid=\"false\" placeholder=\"Votre e-mail...\" value=\"\" type=\"text\" name=\"text-322\" \/><\/span>\n\t<\/p>\n<\/div>\n<div>\n\t<p><span class=\"wpcf7-form-control-wrap\" data-name=\"textarea-836\"><textarea cols=\"40\" rows=\"10\" maxlength=\"2000\" class=\"wpcf7-form-control wpcf7-textarea\" aria-invalid=\"false\" placeholder=\"Votre message...\" name=\"textarea-836\"><\/textarea><\/span>\n\t<\/p>\n<\/div>\n<p><input class=\"wpcf7-form-control wpcf7-submit has-spinner\" type=\"submit\" value=\"Envoyer\" \/>\n<\/p><div class=\"wpcf7-response-output\" aria-hidden=\"true\"><\/div>\n<\/form>\n<\/div>\n<\/div><\/div><\/div><\/div><\/div><\/div><\/div><div class=\"wpb_column vc_column_container vc_col-sm-12 vc_col-lg-5 vc_col-md-5\"><div class=\"vc_column-inner\"><div class=\"wpb_wrapper\"><div class='q_elements_holder one_column responsive_mode_from_768' ><div class='q_elements_item ' data-1024-1280='87px 20px 0 6px' data-480='36px 0 0 0' data-animation='no' data-item-class='q_elements_holder_custom_310747'><div class='q_elements_item_inner'><div class='q_elements_item_content q_elements_holder_custom_310747' style='padding:87px 20px 0 20px'>\n\t<div class=\"wpb_text_column wpb_content_element \">\n\t\t<div class=\"wpb_wrapper\">\n\t\t\t<h2>Contactez-nous<\/h2>\n\n\t\t<\/div>\n\t<\/div><div class=\"vc_empty_space\"  style=\"height: 9px\" >\n\t<span class=\"vc_empty_space_inner\">\n\t\t<span class=\"empty_space_image\"  ><\/span>\n\t<\/span>\n<\/div>\n\t<div class=\"wpb_text_column wpb_content_element \">\n\t\t<div class=\"wpb_wrapper\">\n\t\t\t<p><span style=\"font-size: 19px; font-weight: 600; letter-spacing: 0; font-family: Raleway; line-height: 28px; color: #0d4f54;\">Adresse :<\/span><br \/>\nLa Peuterne \u2014 35250 Mouaz\u00e9<br \/>\nT\u00e9l. : +33 (0)9 51 19 96 37<\/p>\n\n\t\t<\/div>\n\t<\/div><\/div><\/div><\/div><\/div><div      class=\"vc_row wpb_row section vc_row-fluid vc_inner \" style=' text-align:left;'><div class=\" full_section_inner clearfix\"><div class=\"wpb_column vc_column_container vc_col-sm-12\"><div class=\"vc_column-inner\"><div class=\"wpb_wrapper\"><div class='q_elements_holder two_columns eh_two_columns_33_66 responsive_mode_from_768' ><div class='q_elements_item ' data-1024-1280='21px 0 0 7px' data-480='17px 0 0 0' data-animation='no' data-item-class='q_elements_holder_custom_271158'><div class='q_elements_item_inner'><div class='q_elements_item_content q_elements_holder_custom_271158' style='padding:21px 0 0 20px'>\n\t<div class=\"wpb_text_column wpb_content_element \">\n\t\t<div class=\"wpb_wrapper\">\n\t\t\t<p><span style=\"font-size: 19px; font-weight: 600; letter-spacing: 0; font-family: Raleway; line-height: 28px; color: #0d4f54;\">Isabelle :<\/span><br \/>\n+33 (0)6 87 26 49 00<\/p>\n\n\t\t<\/div>\n\t<\/div><\/div><\/div><\/div><div class='q_elements_item ' data-1024-1280='21px 0 0 34px' data-600-768='17px 0 0 20px' data-480='17px 0 0 0px' data-animation='no' data-item-class='q_elements_holder_custom_777596'><div class='q_elements_item_inner'><div class='q_elements_item_content q_elements_holder_custom_777596' style='padding:21px 0 0 0'>\n\t<div class=\"wpb_text_column wpb_content_element \">\n\t\t<div class=\"wpb_wrapper\">\n\t\t\t<p><span style=\"font-size: 19px; font-weight: 600; letter-spacing: 0; font-family: Raleway; line-height: 28px; color: #0d4f54;\">Jean-Marc :<\/span><br \/>\n+33 (0)6 74 80 15 11<\/p>\n\n\t\t<\/div>\n\t<\/div><\/div><\/div><\/div><\/div><\/div><\/div><\/div><\/div><\/div><div class='q_elements_holder one_column responsive_mode_from_768' ><div class='q_elements_item ' data-1024-1280='33px 20px 0 6px' data-480='0 0 0 0' data-animation='no' data-item-class='q_elements_holder_custom_478118'><div class='q_elements_item_inner'><div class='q_elements_item_content q_elements_holder_custom_478118' style='padding:33px 20px 0 20px'>\n\t<div class=\"wpb_text_column wpb_content_element \">\n\t\t<div class=\"wpb_wrapper\">\n\t\t\t<p>Suivez-nous sur les r\u00e9seaux sociaux<\/p>\n\n\t\t<\/div>\n\t<\/div><div class=\"vc_empty_space\"  style=\"height: 12px\" >\n\t<span class=\"vc_empty_space_inner\">\n\t\t<span class=\"empty_space_image\"  ><\/span>\n\t<\/span>\n<\/div><span data-type=\"circle\" data-hover-bg-color=\"#BCD892\" data-hover-icon-color=\"#0D4F54\" class=\"qode_icon_shortcode fa-stack q_font_awsome_icon_stack fa-lg  \" style=\"font-size: 20px;font-size: 22px;margin: 0 9px 0 0; \"><a  itemprop=\"url\" href=\"https:\/\/www.facebook.com\/profile.php?id=100083455444141\" target=\"_blank\"><i class=\"fa fa-circle fa-stack-base fa-stack-2x\" style=\"color: #0D4F54;\"><\/i><i class=\"qode_icon_font_awesome fa fa-facebook qode_icon_element fa-stack-1x\" style=\"font-size: 20px;color: #FFFFFF;\" ><\/i><\/a><\/span><div class=\"vc_empty_space\"  style=\"height: 12px\" >\n\t<span class=\"vc_empty_space_inner\">\n\t\t<span class=\"empty_space_image\"  ><\/span>\n\t<\/span>\n<\/div><\/div><\/div><\/div><\/div><\/div><\/div><\/div><\/div><\/div><\/div>\n<\/div>","protected":false},"excerpt":{"rendered":"La chambre &amp; les services Votre chambre - 55 m\u00b2 de confort dans une ancienne grange bretonne Bienvenue dans votre cocon ! Am\u00e9nag\u00e9e \u00e0 l'\u00e9tage d'une ancienne grange aux poutres apparentes, la chambre de 55\u00a0m\u00b2 b\u00e9n\u00e9ficie d'une entr\u00e9e ind\u00e9pendante et d'une vue apaisante sur le...","protected":false},"author":1,"featured_media":642,"parent":0,"menu_order":10,"comment_status":"closed","ping_status":"closed","template":"full_width.php","meta":{"inline_featured_image":false,"footnotes":""},"class_list":["post-149","page","type-page","status-publish","has-post-thumbnail","hentry"],"yoast_head":"<!-- This site is optimized with the Yoast SEO plugin v27.5 - https:\/\/yoast.com\/product\/yoast-seo-wordpress\/ -->\n<title>La chambre | Chambre d&#039;h\u00f4tes \u00e9cologique La Peuterne - Mouaz\u00e9<\/title>\n<meta name=\"description\" content=\"Une chambre de 55 m\u00b2 avec poutres apparentes, entr\u00e9e ind\u00e9pendante, salle d&#039;eau avec grande douche et produits bio. Petit d\u00e9jeuner inclus.\" \/>\n<meta name=\"robots\" content=\"index, follow, max-snippet:-1, max-image-preview:large, max-video-preview:-1\" \/>\n<link rel=\"canonical\" href=\"https:\/\/lapeuterne.fr\/en\/la-chambre-les-services\/\" \/>\n<meta property=\"og:locale\" content=\"en_GB\" \/>\n<meta property=\"og:type\" content=\"article\" \/>\n<meta property=\"og:title\" content=\"La chambre | Chambre d&#039;h\u00f4tes \u00e9cologique La Peuterne - Mouaz\u00e9\" \/>\n<meta property=\"og:description\" content=\"Une chambre de 55 m\u00b2 avec poutres apparentes, entr\u00e9e ind\u00e9pendante, salle d&#039;eau avec grande douche et produits bio. Petit d\u00e9jeuner inclus.\" \/>\n<meta property=\"og:url\" content=\"https:\/\/lapeuterne.fr\/en\/la-chambre-les-services\/\" \/>\n<meta property=\"og:site_name\" content=\"La Peuterne - Chambre d&#039;h\u00f4te\" \/>\n<meta property=\"article:publisher\" content=\"https:\/\/www.facebook.com\/profile.php?id=100083455444141\" \/>\n<meta property=\"article:modified_time\" content=\"2026-04-30T22:00:34+00:00\" \/>\n<meta property=\"og:image\" content=\"https:\/\/lapeuterne.fr\/wp-content\/uploads\/2026\/04\/chambre-la-peuterne.jpg\" \/>\n\t<meta property=\"og:image:width\" content=\"1920\" \/>\n\t<meta property=\"og:image:height\" content=\"1280\" \/>\n\t<meta property=\"og:image:type\" content=\"image\/jpeg\" \/>\n<meta name=\"twitter:card\" content=\"summary_large_image\" \/>\n<meta name=\"twitter:label1\" content=\"Estimated reading time\" \/>\n\t<meta name=\"twitter:data1\" content=\"6 minutes\" \/>\n<script type=\"application\/ld+json\" class=\"yoast-schema-graph\">{\"@context\":\"https:\\\/\\\/schema.org\",\"@graph\":[{\"@type\":\"WebPage\",\"@id\":\"https:\\\/\\\/lapeuterne.fr\\\/la-chambre-les-services\\\/\",\"url\":\"https:\\\/\\\/lapeuterne.fr\\\/la-chambre-les-services\\\/\",\"name\":\"La chambre | Chambre d'h\u00f4tes \u00e9cologique La Peuterne - Mouaz\u00e9\",\"isPartOf\":{\"@id\":\"https:\\\/\\\/lapeuterne.fr\\\/#website\"},\"primaryImageOfPage\":{\"@id\":\"https:\\\/\\\/lapeuterne.fr\\\/la-chambre-les-services\\\/#primaryimage\"},\"image\":{\"@id\":\"https:\\\/\\\/lapeuterne.fr\\\/la-chambre-les-services\\\/#primaryimage\"},\"thumbnailUrl\":\"https:\\\/\\\/lapeuterne.fr\\\/wp-content\\\/uploads\\\/2026\\\/04\\\/chambre-la-peuterne.jpg\",\"datePublished\":\"2018-01-23T12:24:15+00:00\",\"dateModified\":\"2026-04-30T22:00:34+00:00\",\"description\":\"Une chambre de 55 m\u00b2 avec poutres apparentes, entr\u00e9e ind\u00e9pendante, salle d'eau avec grande douche et produits bio. Petit d\u00e9jeuner inclus.\",\"breadcrumb\":{\"@id\":\"https:\\\/\\\/lapeuterne.fr\\\/la-chambre-les-services\\\/#breadcrumb\"},\"inLanguage\":\"en-GB\",\"potentialAction\":[{\"@type\":\"ReadAction\",\"target\":[\"https:\\\/\\\/lapeuterne.fr\\\/la-chambre-les-services\\\/\"]}]},{\"@type\":\"ImageObject\",\"inLanguage\":\"en-GB\",\"@id\":\"https:\\\/\\\/lapeuterne.fr\\\/la-chambre-les-services\\\/#primaryimage\",\"url\":\"https:\\\/\\\/lapeuterne.fr\\\/wp-content\\\/uploads\\\/2026\\\/04\\\/chambre-la-peuterne.jpg\",\"contentUrl\":\"https:\\\/\\\/lapeuterne.fr\\\/wp-content\\\/uploads\\\/2026\\\/04\\\/chambre-la-peuterne.jpg\",\"width\":1920,\"height\":1280,\"caption\":\"Chambre - La Peuterne\"},{\"@type\":\"BreadcrumbList\",\"@id\":\"https:\\\/\\\/lapeuterne.fr\\\/la-chambre-les-services\\\/#breadcrumb\",\"itemListElement\":[{\"@type\":\"ListItem\",\"position\":1,\"name\":\"Accueil\",\"item\":\"https:\\\/\\\/lapeuterne.fr\\\/\"},{\"@type\":\"ListItem\",\"position\":2,\"name\":\"La chambre &#038; les services\"}]},{\"@type\":\"WebSite\",\"@id\":\"https:\\\/\\\/lapeuterne.fr\\\/#website\",\"url\":\"https:\\\/\\\/lapeuterne.fr\\\/\",\"name\":\"La Peuterne - Chambre d'h\u00f4te\",\"description\":\"\",\"publisher\":{\"@id\":\"https:\\\/\\\/lapeuterne.fr\\\/#organization\"},\"potentialAction\":[{\"@type\":\"SearchAction\",\"target\":{\"@type\":\"EntryPoint\",\"urlTemplate\":\"https:\\\/\\\/lapeuterne.fr\\\/?s={search_term_string}\"},\"query-input\":{\"@type\":\"PropertyValueSpecification\",\"valueRequired\":true,\"valueName\":\"search_term_string\"}}],\"inLanguage\":\"en-GB\"},{\"@type\":\"Organization\",\"@id\":\"https:\\\/\\\/lapeuterne.fr\\\/#organization\",\"name\":\"La Peuterne - Chambre d'h\u00f4te\",\"url\":\"https:\\\/\\\/lapeuterne.fr\\\/\",\"logo\":{\"@type\":\"ImageObject\",\"inLanguage\":\"en-GB\",\"@id\":\"https:\\\/\\\/lapeuterne.fr\\\/#\\\/schema\\\/logo\\\/image\\\/\",\"url\":\"https:\\\/\\\/lapeuterne.fr\\\/wp-content\\\/uploads\\\/2026\\\/04\\\/la-peuterne-vert-fonce.svg\",\"contentUrl\":\"https:\\\/\\\/lapeuterne.fr\\\/wp-content\\\/uploads\\\/2026\\\/04\\\/la-peuterne-vert-fonce.svg\",\"width\":180,\"height\":80,\"caption\":\"La Peuterne - Chambre d'h\u00f4te\"},\"image\":{\"@id\":\"https:\\\/\\\/lapeuterne.fr\\\/#\\\/schema\\\/logo\\\/image\\\/\"},\"sameAs\":[\"https:\\\/\\\/www.facebook.com\\\/profile.php?id=100083455444141\",\"https:\\\/\\\/www.instagram.com\\\/lapeuterne35\\\/\"]}]}<\/script>\n<!-- \/ Yoast SEO plugin. -->","yoast_head_json":{"title":"La chambre | Chambre d'h\u00f4tes \u00e9cologique La Peuterne - Mouaz\u00e9","description":"Une chambre de 55 m\u00b2 avec poutres apparentes, entr\u00e9e ind\u00e9pendante, salle d'eau avec grande douche et produits bio. Petit d\u00e9jeuner inclus.","robots":{"index":"index","follow":"follow","max-snippet":"max-snippet:-1","max-image-preview":"max-image-preview:large","max-video-preview":"max-video-preview:-1"},"canonical":"https:\/\/lapeuterne.fr\/en\/la-chambre-les-services\/","og_locale":"en_GB","og_type":"article","og_title":"La chambre | Chambre d'h\u00f4tes \u00e9cologique La Peuterne - Mouaz\u00e9","og_description":"Une chambre de 55 m\u00b2 avec poutres apparentes, entr\u00e9e ind\u00e9pendante, salle d'eau avec grande douche et produits bio. Petit d\u00e9jeuner inclus.","og_url":"https:\/\/lapeuterne.fr\/en\/la-chambre-les-services\/","og_site_name":"La Peuterne - Chambre d&#039;h\u00f4te","article_publisher":"https:\/\/www.facebook.com\/profile.php?id=100083455444141","article_modified_time":"2026-04-30T22:00:34+00:00","og_image":[{"width":1920,"height":1280,"url":"https:\/\/lapeuterne.fr\/wp-content\/uploads\/2026\/04\/chambre-la-peuterne.jpg","type":"image\/jpeg"}],"twitter_card":"summary_large_image","twitter_misc":{"Estimated reading time":"6 minutes"},"schema":{"@context":"https:\/\/schema.org","@graph":[{"@type":"WebPage","@id":"https:\/\/lapeuterne.fr\/la-chambre-les-services\/","url":"https:\/\/lapeuterne.fr\/la-chambre-les-services\/","name":"La chambre | Chambre d'h\u00f4tes \u00e9cologique La Peuterne - Mouaz\u00e9","isPartOf":{"@id":"https:\/\/lapeuterne.fr\/#website"},"primaryImageOfPage":{"@id":"https:\/\/lapeuterne.fr\/la-chambre-les-services\/#primaryimage"},"image":{"@id":"https:\/\/lapeuterne.fr\/la-chambre-les-services\/#primaryimage"},"thumbnailUrl":"https:\/\/lapeuterne.fr\/wp-content\/uploads\/2026\/04\/chambre-la-peuterne.jpg","datePublished":"2018-01-23T12:24:15+00:00","dateModified":"2026-04-30T22:00:34+00:00","description":"Une chambre de 55 m\u00b2 avec poutres apparentes, entr\u00e9e ind\u00e9pendante, salle d'eau avec grande douche et produits bio. Petit d\u00e9jeuner inclus.","breadcrumb":{"@id":"https:\/\/lapeuterne.fr\/la-chambre-les-services\/#breadcrumb"},"inLanguage":"en-GB","potentialAction":[{"@type":"ReadAction","target":["https:\/\/lapeuterne.fr\/la-chambre-les-services\/"]}]},{"@type":"ImageObject","inLanguage":"en-GB","@id":"https:\/\/lapeuterne.fr\/la-chambre-les-services\/#primaryimage","url":"https:\/\/lapeuterne.fr\/wp-content\/uploads\/2026\/04\/chambre-la-peuterne.jpg","contentUrl":"https:\/\/lapeuterne.fr\/wp-content\/uploads\/2026\/04\/chambre-la-peuterne.jpg","width":1920,"height":1280,"caption":"Chambre - La Peuterne"},{"@type":"BreadcrumbList","@id":"https:\/\/lapeuterne.fr\/la-chambre-les-services\/#breadcrumb","itemListElement":[{"@type":"ListItem","position":1,"name":"Accueil","item":"https:\/\/lapeuterne.fr\/"},{"@type":"ListItem","position":2,"name":"La chambre &#038; les services"}]},{"@type":"WebSite","@id":"https:\/\/lapeuterne.fr\/#website","url":"https:\/\/lapeuterne.fr\/","name":"La Peuterne - Chambre d'h\u00f4te","description":"","publisher":{"@id":"https:\/\/lapeuterne.fr\/#organization"},"potentialAction":[{"@type":"SearchAction","target":{"@type":"EntryPoint","urlTemplate":"https:\/\/lapeuterne.fr\/?s={search_term_string}"},"query-input":{"@type":"PropertyValueSpecification","valueRequired":true,"valueName":"search_term_string"}}],"inLanguage":"en-GB"},{"@type":"Organization","@id":"https:\/\/lapeuterne.fr\/#organization","name":"La Peuterne - Chambre d'h\u00f4te","url":"https:\/\/lapeuterne.fr\/","logo":{"@type":"ImageObject","inLanguage":"en-GB","@id":"https:\/\/lapeuterne.fr\/#\/schema\/logo\/image\/","url":"https:\/\/lapeuterne.fr\/wp-content\/uploads\/2026\/04\/la-peuterne-vert-fonce.svg","contentUrl":"https:\/\/lapeuterne.fr\/wp-content\/uploads\/2026\/04\/la-peuterne-vert-fonce.svg","width":180,"height":80,"caption":"La Peuterne - Chambre d'h\u00f4te"},"image":{"@id":"https:\/\/lapeuterne.fr\/#\/schema\/logo\/image\/"},"sameAs":["https:\/\/www.facebook.com\/profile.php?id=100083455444141","https:\/\/www.instagram.com\/lapeuterne35\/"]}]}},"_links":{"self":[{"href":"https:\/\/lapeuterne.fr\/en\/wp-json\/wp\/v2\/pages\/149","targetHints":{"allow":["GET"]}}],"collection":[{"href":"https:\/\/lapeuterne.fr\/en\/wp-json\/wp\/v2\/pages"}],"about":[{"href":"https:\/\/lapeuterne.fr\/en\/wp-json\/wp\/v2\/types\/page"}],"author":[{"embeddable":true,"href":"https:\/\/lapeuterne.fr\/en\/wp-json\/wp\/v2\/users\/1"}],"replies":[{"embeddable":true,"href":"https:\/\/lapeuterne.fr\/en\/wp-json\/wp\/v2\/comments?post=149"}],"version-history":[{"count":113,"href":"https:\/\/lapeuterne.fr\/en\/wp-json\/wp\/v2\/pages\/149\/revisions"}],"predecessor-version":[{"id":851,"href":"https:\/\/lapeuterne.fr\/en\/wp-json\/wp\/v2\/pages\/149\/revisions\/851"}],"wp:featuredmedia":[{"embeddable":true,"href":"https:\/\/lapeuterne.fr\/en\/wp-json\/wp\/v2\/media\/642"}],"wp:attachment":[{"href":"https:\/\/lapeuterne.fr\/en\/wp-json\/wp\/v2\/media?parent=149"}],"curies":[{"name":"wp","href":"https:\/\/api.w.org\/{rel}","templated":true}]}}